{"id":65088,"date":"2025-07-07T22:09:34","date_gmt":"2025-07-07T20:09:34","guid":{"rendered":"https:\/\/grimmels.de\/wordpress\/?page_id=65088"},"modified":"2025-11-19T01:24:18","modified_gmt":"2025-11-19T00:24:18","slug":"galerien","status":"publish","type":"page","link":"https:\/\/grimmels.de\/wordpress\/galerien\/","title":{"rendered":"Galerien"},"content":{"rendered":"\t\t<div data-elementor-type=\"wp-page\" data-elementor-id=\"65088\" class=\"elementor elementor-65088\" data-elementor-post-type=\"page\">\n\t\t\t\t<div class=\"elementor-element elementor-element-9233fce e-con-full e-flex e-con e-parent\" data-id=\"9233fce\" data-element_type=\"container\" data-settings=\"{&quot;background_background&quot;:&quot;classic&quot;}\">\n\t\t\t\t<div class=\"elementor-element elementor-element-6855de9 elementor-widget elementor-widget-heading\" data-id=\"6855de9\" data-element_type=\"widget\" data-widget_type=\"heading.default\">\n\t\t\t\t<div class=\"elementor-widget-container\">\n\t\t\t\t\t<h2 class=\"elementor-heading-title elementor-size-default\">GALERIEN<\/h2>\t\t\t\t<\/div>\n\t\t\t\t<\/div>\n\t\t\t\t<div class=\"elementor-element elementor-element-eea6332 elementor-grid-3 elementor-grid-tablet-2 elementor-grid-mobile-1 elementor-posts--thumbnail-top elementor-invisible elementor-widget elementor-widget-posts\" data-id=\"eea6332\" data-element_type=\"widget\" data-settings=\"{&quot;pagination_type&quot;:&quot;prev_next&quot;,&quot;_animation&quot;:&quot;fadeInUp&quot;,&quot;classic_row_gap&quot;:{&quot;unit&quot;:&quot;px&quot;,&quot;size&quot;:60,&quot;sizes&quot;:[]},&quot;classic_columns&quot;:&quot;3&quot;,&quot;classic_columns_tablet&quot;:&quot;2&quot;,&quot;classic_columns_mobile&quot;:&quot;1&quot;,&quot;classic_row_gap_tablet&quot;:{&quot;unit&quot;:&quot;px&quot;,&quot;size&quot;:&quot;&quot;,&quot;sizes&quot;:[]},&quot;classic_row_gap_mobile&quot;:{&quot;unit&quot;:&quot;px&quot;,&quot;size&quot;:&quot;&quot;,&quot;sizes&quot;:[]}}\" data-widget_type=\"posts.classic\">\n\t\t\t\t<div class=\"elementor-widget-container\">\n\t\t\t\t\t\t\t<div class=\"elementor-posts-container elementor-posts elementor-posts--skin-classic elementor-grid\">\n\t\t\t\t<article class=\"elementor-post elementor-grid-item post-69194 post type-post status-publish format-standard has-post-thumbnail hentry category-galerien\">\n\t\t\t\t<a class=\"elementor-post__thumbnail__link\" href=\"https:\/\/grimmels.de\/wordpress\/bilder-auffuehrung-der-ds-kurse-q2\/\" tabindex=\"-1\" >\n\t\t\t<div class=\"elementor-post__thumbnail\"><img fetchpriority=\"high\" decoding=\"async\" width=\"800\" height=\"561\" src=\"https:\/\/grimmels.de\/wordpress\/wp-content\/uploads\/2026\/02\/DSC06360-1024x718.jpg\" class=\"attachment-large size-large wp-image-69130\" alt=\"\" srcset=\"https:\/\/grimmels.de\/wordpress\/wp-content\/uploads\/2026\/02\/DSC06360-1024x718.jpg 1024w, https:\/\/grimmels.de\/wordpress\/wp-content\/uploads\/2026\/02\/DSC06360-300x210.jpg 300w, https:\/\/grimmels.de\/wordpress\/wp-content\/uploads\/2026\/02\/DSC06360-150x105.jpg 150w, https:\/\/grimmels.de\/wordpress\/wp-content\/uploads\/2026\/02\/DSC06360-768x539.jpg 768w, https:\/\/grimmels.de\/wordpress\/wp-content\/uploads\/2026\/02\/DSC06360-1536x1077.jpg 1536w, https:\/\/grimmels.de\/wordpress\/wp-content\/uploads\/2026\/02\/DSC06360-2048x1436.jpg 2048w\" sizes=\"(max-width: 800px) 100vw, 800px\" \/><\/div>\n\t\t<\/a>\n\t\t\t\t<div class=\"elementor-post__text\">\n\t\t\t\t<h3 class=\"elementor-post__title\">\n\t\t\t<a href=\"https:\/\/grimmels.de\/wordpress\/bilder-auffuehrung-der-ds-kurse-q2\/\" >\n\t\t\t\tBILDER: Auff\u00fchrung der DS-Kurse Q2\t\t\t<\/a>\n\t\t<\/h3>\n\t\t\t\t<div class=\"elementor-post__meta-data\">\n\t\t\t\t\t<span class=\"elementor-post-date\">\n\t\t\t14. Februar 2026\t\t<\/span>\n\t\t\t\t<\/div>\n\t\t\t\t<div class=\"elementor-post__excerpt\">\n\t\t\t<p>BILDERGALERIE Auff\u00fchrung der DS-Kurse Q2&#8222;Ich will Spa\u00df &#8211; Die wilden 80er&#8220; \u00dcbersicht Galerien BILDER: Ole Friedrich<\/p>\n\t\t<\/div>\n\t\t\t\t\t<div class=\"elementor-post__read-more-wrapper\">\n\t\t\n\t\t<a class=\"elementor-post__read-more\" href=\"https:\/\/grimmels.de\/wordpress\/bilder-auffuehrung-der-ds-kurse-q2\/\" aria-label=\"Mehr \u00fcber BILDER: Auff\u00fchrung der DS-Kurse Q2\" tabindex=\"-1\" >\n\t\t\tAnsehen \u00bb\t\t<\/a>\n\n\t\t\t\t\t<\/div>\n\t\t\t\t<\/div>\n\t\t\t\t<\/article>\n\t\t\t\t<article class=\"elementor-post elementor-grid-item post-68553 post type-post status-publish format-standard has-post-thumbnail hentry category-galerien\">\n\t\t\t\t<a class=\"elementor-post__thumbnail__link\" href=\"https:\/\/grimmels.de\/wordpress\/bilder-weihnachtsgottesdienst\/\" tabindex=\"-1\" >\n\t\t\t<div class=\"elementor-post__thumbnail\"><img decoding=\"async\" width=\"800\" height=\"450\" src=\"https:\/\/grimmels.de\/wordpress\/wp-content\/uploads\/2026\/01\/1000096765-1024x576.jpg\" class=\"attachment-large size-large wp-image-68557\" alt=\"\" srcset=\"https:\/\/grimmels.de\/wordpress\/wp-content\/uploads\/2026\/01\/1000096765-1024x576.jpg 1024w, https:\/\/grimmels.de\/wordpress\/wp-content\/uploads\/2026\/01\/1000096765-300x169.jpg 300w, https:\/\/grimmels.de\/wordpress\/wp-content\/uploads\/2026\/01\/1000096765-150x84.jpg 150w, https:\/\/grimmels.de\/wordpress\/wp-content\/uploads\/2026\/01\/1000096765-768x432.jpg 768w, https:\/\/grimmels.de\/wordpress\/wp-content\/uploads\/2026\/01\/1000096765-1536x864.jpg 1536w, https:\/\/grimmels.de\/wordpress\/wp-content\/uploads\/2026\/01\/1000096765-2048x1152.jpg 2048w\" sizes=\"(max-width: 800px) 100vw, 800px\" \/><\/div>\n\t\t<\/a>\n\t\t\t\t<div class=\"elementor-post__text\">\n\t\t\t\t<h3 class=\"elementor-post__title\">\n\t\t\t<a href=\"https:\/\/grimmels.de\/wordpress\/bilder-weihnachtsgottesdienst\/\" >\n\t\t\t\tBILDER: Weihnachtsgottesdienst\t\t\t<\/a>\n\t\t<\/h3>\n\t\t\t\t<div class=\"elementor-post__meta-data\">\n\t\t\t\t\t<span class=\"elementor-post-date\">\n\t\t\t12. Januar 2026\t\t<\/span>\n\t\t\t\t<\/div>\n\t\t\t\t<div class=\"elementor-post__excerpt\">\n\t\t\t<p>BILDERGALERIE Weihnachtsgottesdienst 2025 \u00dcbersicht Galerien BILDER: Daniel Stehling<\/p>\n\t\t<\/div>\n\t\t\t\t\t<div class=\"elementor-post__read-more-wrapper\">\n\t\t\n\t\t<a class=\"elementor-post__read-more\" href=\"https:\/\/grimmels.de\/wordpress\/bilder-weihnachtsgottesdienst\/\" aria-label=\"Mehr \u00fcber BILDER: Weihnachtsgottesdienst\" tabindex=\"-1\" >\n\t\t\tAnsehen \u00bb\t\t<\/a>\n\n\t\t\t\t\t<\/div>\n\t\t\t\t<\/div>\n\t\t\t\t<\/article>\n\t\t\t\t<article class=\"elementor-post elementor-grid-item post-68251 post type-post status-publish format-standard has-post-thumbnail hentry category-galerien\">\n\t\t\t\t<a class=\"elementor-post__thumbnail__link\" href=\"https:\/\/grimmels.de\/wordpress\/bilder-adventskonzert-2025\/\" tabindex=\"-1\" >\n\t\t\t<div class=\"elementor-post__thumbnail\"><img decoding=\"async\" width=\"800\" height=\"534\" src=\"https:\/\/grimmels.de\/wordpress\/wp-content\/uploads\/2025\/12\/DSC05020-1024x683.jpg\" class=\"attachment-large size-large wp-image-68170\" alt=\"\" srcset=\"https:\/\/grimmels.de\/wordpress\/wp-content\/uploads\/2025\/12\/DSC05020-1024x683.jpg 1024w, https:\/\/grimmels.de\/wordpress\/wp-content\/uploads\/2025\/12\/DSC05020-300x200.jpg 300w, https:\/\/grimmels.de\/wordpress\/wp-content\/uploads\/2025\/12\/DSC05020-150x100.jpg 150w, https:\/\/grimmels.de\/wordpress\/wp-content\/uploads\/2025\/12\/DSC05020-768x512.jpg 768w, https:\/\/grimmels.de\/wordpress\/wp-content\/uploads\/2025\/12\/DSC05020-1536x1024.jpg 1536w, https:\/\/grimmels.de\/wordpress\/wp-content\/uploads\/2025\/12\/DSC05020-2048x1365.jpg 2048w\" sizes=\"(max-width: 800px) 100vw, 800px\" \/><\/div>\n\t\t<\/a>\n\t\t\t\t<div class=\"elementor-post__text\">\n\t\t\t\t<h3 class=\"elementor-post__title\">\n\t\t\t<a href=\"https:\/\/grimmels.de\/wordpress\/bilder-adventskonzert-2025\/\" >\n\t\t\t\tBILDER: Adventskonzert 2025\t\t\t<\/a>\n\t\t<\/h3>\n\t\t\t\t<div class=\"elementor-post__meta-data\">\n\t\t\t\t\t<span class=\"elementor-post-date\">\n\t\t\t13. Dezember 2025\t\t<\/span>\n\t\t\t\t<\/div>\n\t\t\t\t<div class=\"elementor-post__excerpt\">\n\t\t\t<p>BILDERGALERIE Adventskonzert 2025 \u00dcbersicht Galerien BILDER: Ole Friedrich<\/p>\n\t\t<\/div>\n\t\t\t\t\t<div class=\"elementor-post__read-more-wrapper\">\n\t\t\n\t\t<a class=\"elementor-post__read-more\" href=\"https:\/\/grimmels.de\/wordpress\/bilder-adventskonzert-2025\/\" aria-label=\"Mehr \u00fcber BILDER: Adventskonzert 2025\" tabindex=\"-1\" >\n\t\t\tAnsehen \u00bb\t\t<\/a>\n\n\t\t\t\t\t<\/div>\n\t\t\t\t<\/div>\n\t\t\t\t<\/article>\n\t\t\t\t<article class=\"elementor-post elementor-grid-item post-67935 post type-post status-publish format-standard has-post-thumbnail hentry category-galerien\">\n\t\t\t\t<a class=\"elementor-post__thumbnail__link\" href=\"https:\/\/grimmels.de\/wordpress\/bilder-tag-der-offenen-tuer\/\" tabindex=\"-1\" >\n\t\t\t<div class=\"elementor-post__thumbnail\"><img loading=\"lazy\" decoding=\"async\" width=\"800\" height=\"534\" src=\"https:\/\/grimmels.de\/wordpress\/wp-content\/uploads\/2025\/11\/DSC04543-1024x683.jpg\" class=\"attachment-large size-large wp-image-67808\" alt=\"\" srcset=\"https:\/\/grimmels.de\/wordpress\/wp-content\/uploads\/2025\/11\/DSC04543-1024x683.jpg 1024w, https:\/\/grimmels.de\/wordpress\/wp-content\/uploads\/2025\/11\/DSC04543-300x200.jpg 300w, https:\/\/grimmels.de\/wordpress\/wp-content\/uploads\/2025\/11\/DSC04543-150x100.jpg 150w, https:\/\/grimmels.de\/wordpress\/wp-content\/uploads\/2025\/11\/DSC04543-768x512.jpg 768w, https:\/\/grimmels.de\/wordpress\/wp-content\/uploads\/2025\/11\/DSC04543-1536x1024.jpg 1536w, https:\/\/grimmels.de\/wordpress\/wp-content\/uploads\/2025\/11\/DSC04543-2048x1365.jpg 2048w\" sizes=\"(max-width: 800px) 100vw, 800px\" \/><\/div>\n\t\t<\/a>\n\t\t\t\t<div class=\"elementor-post__text\">\n\t\t\t\t<h3 class=\"elementor-post__title\">\n\t\t\t<a href=\"https:\/\/grimmels.de\/wordpress\/bilder-tag-der-offenen-tuer\/\" >\n\t\t\t\tBILDER: Tag der offenen T\u00fcr\t\t\t<\/a>\n\t\t<\/h3>\n\t\t\t\t<div class=\"elementor-post__meta-data\">\n\t\t\t\t\t<span class=\"elementor-post-date\">\n\t\t\t29. November 2025\t\t<\/span>\n\t\t\t\t<\/div>\n\t\t\t\t<div class=\"elementor-post__excerpt\">\n\t\t\t<p>BILDERGALERIE Tag der offenen T\u00fcr Zum Pressebericht \u00dcbersicht Galerien BILDER: Ole Friedrich<\/p>\n\t\t<\/div>\n\t\t\t\t\t<div class=\"elementor-post__read-more-wrapper\">\n\t\t\n\t\t<a class=\"elementor-post__read-more\" href=\"https:\/\/grimmels.de\/wordpress\/bilder-tag-der-offenen-tuer\/\" aria-label=\"Mehr \u00fcber BILDER: Tag der offenen T\u00fcr\" tabindex=\"-1\" >\n\t\t\tAnsehen \u00bb\t\t<\/a>\n\n\t\t\t\t\t<\/div>\n\t\t\t\t<\/div>\n\t\t\t\t<\/article>\n\t\t\t\t<article class=\"elementor-post elementor-grid-item post-67376 post type-post status-publish format-standard has-post-thumbnail hentry category-galerien category-video\">\n\t\t\t\t<a class=\"elementor-post__thumbnail__link\" href=\"https:\/\/grimmels.de\/wordpress\/video-theaterauffuehrung-2025\/\" tabindex=\"-1\" >\n\t\t\t<div class=\"elementor-post__thumbnail\"><img loading=\"lazy\" decoding=\"async\" width=\"800\" height=\"534\" src=\"https:\/\/grimmels.de\/wordpress\/wp-content\/uploads\/2025\/06\/DSC00693-1024x683.jpeg\" class=\"attachment-large size-large wp-image-64283\" alt=\"\" srcset=\"https:\/\/grimmels.de\/wordpress\/wp-content\/uploads\/2025\/06\/DSC00693-1024x683.jpeg 1024w, https:\/\/grimmels.de\/wordpress\/wp-content\/uploads\/2025\/06\/DSC00693-300x200.jpeg 300w, https:\/\/grimmels.de\/wordpress\/wp-content\/uploads\/2025\/06\/DSC00693-150x100.jpeg 150w, https:\/\/grimmels.de\/wordpress\/wp-content\/uploads\/2025\/06\/DSC00693-768x512.jpeg 768w, https:\/\/grimmels.de\/wordpress\/wp-content\/uploads\/2025\/06\/DSC00693-1536x1024.jpeg 1536w, https:\/\/grimmels.de\/wordpress\/wp-content\/uploads\/2025\/06\/DSC00693-2048x1365.jpeg 2048w\" sizes=\"(max-width: 800px) 100vw, 800px\" \/><\/div>\n\t\t<\/a>\n\t\t\t\t<div class=\"elementor-post__text\">\n\t\t\t\t<h3 class=\"elementor-post__title\">\n\t\t\t<a href=\"https:\/\/grimmels.de\/wordpress\/video-theaterauffuehrung-2025\/\" >\n\t\t\t\tVIDEO: Theaterauff\u00fchrung 2025\t\t\t<\/a>\n\t\t<\/h3>\n\t\t\t\t<div class=\"elementor-post__meta-data\">\n\t\t\t\t\t<span class=\"elementor-post-date\">\n\t\t\t19. November 2025\t\t<\/span>\n\t\t\t\t<\/div>\n\t\t\t\t<div class=\"elementor-post__excerpt\">\n\t\t\t<p>VIDEOGALERIE Theaterauff\u00fchrung 2025 \u00dcbersicht Galerien<\/p>\n\t\t<\/div>\n\t\t\t\t\t<div class=\"elementor-post__read-more-wrapper\">\n\t\t\n\t\t<a class=\"elementor-post__read-more\" href=\"https:\/\/grimmels.de\/wordpress\/video-theaterauffuehrung-2025\/\" aria-label=\"Mehr \u00fcber VIDEO: Theaterauff\u00fchrung 2025\" tabindex=\"-1\" >\n\t\t\tAnsehen \u00bb\t\t<\/a>\n\n\t\t\t\t\t<\/div>\n\t\t\t\t<\/div>\n\t\t\t\t<\/article>\n\t\t\t\t<article class=\"elementor-post elementor-grid-item post-67360 post type-post status-publish format-standard has-post-thumbnail hentry category-galerien category-video\">\n\t\t\t\t<a class=\"elementor-post__thumbnail__link\" href=\"https:\/\/grimmels.de\/wordpress\/klassenfahrt-der-neuen-grimmels\/\" tabindex=\"-1\" >\n\t\t\t<div class=\"elementor-post__thumbnail\"><img loading=\"lazy\" decoding=\"async\" width=\"800\" height=\"454\" src=\"https:\/\/grimmels.de\/wordpress\/wp-content\/uploads\/2025\/11\/Thumbnail_Klassenfahrt-der-neuen-Grimmels-1024x581.png\" class=\"attachment-large size-large wp-image-67361\" alt=\"\" srcset=\"https:\/\/grimmels.de\/wordpress\/wp-content\/uploads\/2025\/11\/Thumbnail_Klassenfahrt-der-neuen-Grimmels-1024x581.png 1024w, https:\/\/grimmels.de\/wordpress\/wp-content\/uploads\/2025\/11\/Thumbnail_Klassenfahrt-der-neuen-Grimmels-300x170.png 300w, https:\/\/grimmels.de\/wordpress\/wp-content\/uploads\/2025\/11\/Thumbnail_Klassenfahrt-der-neuen-Grimmels-150x85.png 150w, https:\/\/grimmels.de\/wordpress\/wp-content\/uploads\/2025\/11\/Thumbnail_Klassenfahrt-der-neuen-Grimmels-768x435.png 768w, https:\/\/grimmels.de\/wordpress\/wp-content\/uploads\/2025\/11\/Thumbnail_Klassenfahrt-der-neuen-Grimmels-1536x871.png 1536w, https:\/\/grimmels.de\/wordpress\/wp-content\/uploads\/2025\/11\/Thumbnail_Klassenfahrt-der-neuen-Grimmels.png 2000w\" sizes=\"(max-width: 800px) 100vw, 800px\" \/><\/div>\n\t\t<\/a>\n\t\t\t\t<div class=\"elementor-post__text\">\n\t\t\t\t<h3 class=\"elementor-post__title\">\n\t\t\t<a href=\"https:\/\/grimmels.de\/wordpress\/klassenfahrt-der-neuen-grimmels\/\" >\n\t\t\t\tVIDEO: Klassenfahrt der neuen Grimmels\t\t\t<\/a>\n\t\t<\/h3>\n\t\t\t\t<div class=\"elementor-post__meta-data\">\n\t\t\t\t\t<span class=\"elementor-post-date\">\n\t\t\t19. November 2025\t\t<\/span>\n\t\t\t\t<\/div>\n\t\t\t\t<div class=\"elementor-post__excerpt\">\n\t\t\t<p>VIDEOGALERIE Klassenfahrt der neuen Grimmels \u00dcbersicht Galerien &#038; Videos BILDER: Frank Dietz<\/p>\n\t\t<\/div>\n\t\t\t\t\t<div class=\"elementor-post__read-more-wrapper\">\n\t\t\n\t\t<a class=\"elementor-post__read-more\" href=\"https:\/\/grimmels.de\/wordpress\/klassenfahrt-der-neuen-grimmels\/\" aria-label=\"Mehr \u00fcber VIDEO: Klassenfahrt der neuen Grimmels\" tabindex=\"-1\" >\n\t\t\tAnsehen \u00bb\t\t<\/a>\n\n\t\t\t\t\t<\/div>\n\t\t\t\t<\/div>\n\t\t\t\t<\/article>\n\t\t\t\t<article class=\"elementor-post elementor-grid-item post-67099 post type-post status-publish format-standard has-post-thumbnail hentry category-galerien\">\n\t\t\t\t<a class=\"elementor-post__thumbnail__link\" href=\"https:\/\/grimmels.de\/wordpress\/spielshow-operation-grimmels\/\" tabindex=\"-1\" >\n\t\t\t<div class=\"elementor-post__thumbnail\"><img loading=\"lazy\" decoding=\"async\" width=\"800\" height=\"534\" src=\"https:\/\/grimmels.de\/wordpress\/wp-content\/uploads\/2025\/11\/DSC04228-1024x683.jpg\" class=\"attachment-large size-large wp-image-67056\" alt=\"\" srcset=\"https:\/\/grimmels.de\/wordpress\/wp-content\/uploads\/2025\/11\/DSC04228-1024x683.jpg 1024w, https:\/\/grimmels.de\/wordpress\/wp-content\/uploads\/2025\/11\/DSC04228-300x200.jpg 300w, https:\/\/grimmels.de\/wordpress\/wp-content\/uploads\/2025\/11\/DSC04228-150x100.jpg 150w, https:\/\/grimmels.de\/wordpress\/wp-content\/uploads\/2025\/11\/DSC04228-768x512.jpg 768w, https:\/\/grimmels.de\/wordpress\/wp-content\/uploads\/2025\/11\/DSC04228-1536x1024.jpg 1536w, https:\/\/grimmels.de\/wordpress\/wp-content\/uploads\/2025\/11\/DSC04228-2048x1365.jpg 2048w\" sizes=\"(max-width: 800px) 100vw, 800px\" \/><\/div>\n\t\t<\/a>\n\t\t\t\t<div class=\"elementor-post__text\">\n\t\t\t\t<h3 class=\"elementor-post__title\">\n\t\t\t<a href=\"https:\/\/grimmels.de\/wordpress\/spielshow-operation-grimmels\/\" >\n\t\t\t\tSpielshow: Operation Grimmels\t\t\t<\/a>\n\t\t<\/h3>\n\t\t\t\t<div class=\"elementor-post__meta-data\">\n\t\t\t\t\t<span class=\"elementor-post-date\">\n\t\t\t10. November 2025\t\t<\/span>\n\t\t\t\t<\/div>\n\t\t\t\t<div class=\"elementor-post__excerpt\">\n\t\t\t<p>BILDERGALERIE Spielshow: Operation Grimmels Zum Pressebericht \u00dcbersicht Galerien BILDER: Anika Friedrich<\/p>\n\t\t<\/div>\n\t\t\t\t\t<div class=\"elementor-post__read-more-wrapper\">\n\t\t\n\t\t<a class=\"elementor-post__read-more\" href=\"https:\/\/grimmels.de\/wordpress\/spielshow-operation-grimmels\/\" aria-label=\"Mehr \u00fcber Spielshow: Operation Grimmels\" tabindex=\"-1\" >\n\t\t\tAnsehen \u00bb\t\t<\/a>\n\n\t\t\t\t\t<\/div>\n\t\t\t\t<\/div>\n\t\t\t\t<\/article>\n\t\t\t\t<article class=\"elementor-post elementor-grid-item post-66478 post type-post status-publish format-standard has-post-thumbnail hentry category-galerien\">\n\t\t\t\t<a class=\"elementor-post__thumbnail__link\" href=\"https:\/\/grimmels.de\/wordpress\/erfolgreiche-kartoffelernte-im-grimmels-schulgarten\/\" tabindex=\"-1\" >\n\t\t\t<div class=\"elementor-post__thumbnail\"><img loading=\"lazy\" decoding=\"async\" width=\"768\" height=\"1024\" src=\"https:\/\/grimmels.de\/wordpress\/wp-content\/uploads\/2025\/09\/Image-768x1024.jpeg\" class=\"attachment-large size-large wp-image-66477\" alt=\"\" srcset=\"https:\/\/grimmels.de\/wordpress\/wp-content\/uploads\/2025\/09\/Image-768x1024.jpeg 768w, https:\/\/grimmels.de\/wordpress\/wp-content\/uploads\/2025\/09\/Image-225x300.jpeg 225w, https:\/\/grimmels.de\/wordpress\/wp-content\/uploads\/2025\/09\/Image-113x150.jpeg 113w, https:\/\/grimmels.de\/wordpress\/wp-content\/uploads\/2025\/09\/Image-1152x1536.jpeg 1152w, https:\/\/grimmels.de\/wordpress\/wp-content\/uploads\/2025\/09\/Image.jpeg 1536w\" sizes=\"(max-width: 768px) 100vw, 768px\" \/><\/div>\n\t\t<\/a>\n\t\t\t\t<div class=\"elementor-post__text\">\n\t\t\t\t<h3 class=\"elementor-post__title\">\n\t\t\t<a href=\"https:\/\/grimmels.de\/wordpress\/erfolgreiche-kartoffelernte-im-grimmels-schulgarten\/\" >\n\t\t\t\tErfolgreiche Kartoffelernte im Grimmels Schulgarten\t\t\t<\/a>\n\t\t<\/h3>\n\t\t\t\t<div class=\"elementor-post__meta-data\">\n\t\t\t\t\t<span class=\"elementor-post-date\">\n\t\t\t16. September 2025\t\t<\/span>\n\t\t\t\t<\/div>\n\t\t\t\t<div class=\"elementor-post__excerpt\">\n\t\t\t<p>BILDERGALERIE Erfolgreiche Kartoffelernte im Grimmels-Schulgarten \u00dcbersicht Galerien<\/p>\n\t\t<\/div>\n\t\t\t\t\t<div class=\"elementor-post__read-more-wrapper\">\n\t\t\n\t\t<a class=\"elementor-post__read-more\" href=\"https:\/\/grimmels.de\/wordpress\/erfolgreiche-kartoffelernte-im-grimmels-schulgarten\/\" aria-label=\"Mehr \u00fcber Erfolgreiche Kartoffelernte im Grimmels Schulgarten\" tabindex=\"-1\" >\n\t\t\tAnsehen \u00bb\t\t<\/a>\n\n\t\t\t\t\t<\/div>\n\t\t\t\t<\/div>\n\t\t\t\t<\/article>\n\t\t\t\t<article class=\"elementor-post elementor-grid-item post-65906 post type-post status-publish format-standard has-post-thumbnail hentry category-galerien\">\n\t\t\t\t<a class=\"elementor-post__thumbnail__link\" href=\"https:\/\/grimmels.de\/wordpress\/begruessung-der-neuen-fuenften-klassen\/\" tabindex=\"-1\" >\n\t\t\t<div class=\"elementor-post__thumbnail\"><img loading=\"lazy\" decoding=\"async\" width=\"800\" height=\"534\" src=\"https:\/\/grimmels.de\/wordpress\/wp-content\/uploads\/2025\/08\/DSC02607-1024x683.jpeg\" class=\"attachment-large size-large wp-image-65877\" alt=\"\" srcset=\"https:\/\/grimmels.de\/wordpress\/wp-content\/uploads\/2025\/08\/DSC02607-1024x683.jpeg 1024w, https:\/\/grimmels.de\/wordpress\/wp-content\/uploads\/2025\/08\/DSC02607-300x200.jpeg 300w, https:\/\/grimmels.de\/wordpress\/wp-content\/uploads\/2025\/08\/DSC02607-150x100.jpeg 150w, https:\/\/grimmels.de\/wordpress\/wp-content\/uploads\/2025\/08\/DSC02607-768x512.jpeg 768w, https:\/\/grimmels.de\/wordpress\/wp-content\/uploads\/2025\/08\/DSC02607-1536x1024.jpeg 1536w, https:\/\/grimmels.de\/wordpress\/wp-content\/uploads\/2025\/08\/DSC02607-2048x1365.jpeg 2048w\" sizes=\"(max-width: 800px) 100vw, 800px\" \/><\/div>\n\t\t<\/a>\n\t\t\t\t<div class=\"elementor-post__text\">\n\t\t\t\t<h3 class=\"elementor-post__title\">\n\t\t\t<a href=\"https:\/\/grimmels.de\/wordpress\/begruessung-der-neuen-fuenften-klassen\/\" >\n\t\t\t\tBegr\u00fc\u00dfung der neuen f\u00fcnften Klassen\t\t\t<\/a>\n\t\t<\/h3>\n\t\t\t\t<div class=\"elementor-post__meta-data\">\n\t\t\t\t\t<span class=\"elementor-post-date\">\n\t\t\t18. August 2025\t\t<\/span>\n\t\t\t\t<\/div>\n\t\t\t\t<div class=\"elementor-post__excerpt\">\n\t\t\t<p>BILDERGALERIE Begr\u00fc\u00dfung der neuen f\u00fcnften Klassen am Grimmels \u00dcbersicht Galerien Pressebericht BILDER: Ole Friedrich<\/p>\n\t\t<\/div>\n\t\t\t\t\t<div class=\"elementor-post__read-more-wrapper\">\n\t\t\n\t\t<a class=\"elementor-post__read-more\" href=\"https:\/\/grimmels.de\/wordpress\/begruessung-der-neuen-fuenften-klassen\/\" aria-label=\"Mehr \u00fcber Begr\u00fc\u00dfung der neuen f\u00fcnften Klassen\" tabindex=\"-1\" >\n\t\t\tAnsehen \u00bb\t\t<\/a>\n\n\t\t\t\t\t<\/div>\n\t\t\t\t<\/div>\n\t\t\t\t<\/article>\n\t\t\t\t<article class=\"elementor-post elementor-grid-item post-65275 post type-post status-publish format-standard has-post-thumbnail hentry category-galerien\">\n\t\t\t\t<a class=\"elementor-post__thumbnail__link\" href=\"https:\/\/grimmels.de\/wordpress\/team-grimmels-beim-landesfinale-jtfo-triathlonteam-grimmels-beim\/\" tabindex=\"-1\" >\n\t\t\t<div class=\"elementor-post__thumbnail\"><img loading=\"lazy\" decoding=\"async\" width=\"683\" height=\"1024\" src=\"https:\/\/grimmels.de\/wordpress\/wp-content\/uploads\/2025\/07\/DSC00340-683x1024.jpg\" class=\"attachment-large size-large wp-image-65255\" alt=\"\" srcset=\"https:\/\/grimmels.de\/wordpress\/wp-content\/uploads\/2025\/07\/DSC00340-683x1024.jpg 683w, https:\/\/grimmels.de\/wordpress\/wp-content\/uploads\/2025\/07\/DSC00340-200x300.jpg 200w, https:\/\/grimmels.de\/wordpress\/wp-content\/uploads\/2025\/07\/DSC00340-100x150.jpg 100w, https:\/\/grimmels.de\/wordpress\/wp-content\/uploads\/2025\/07\/DSC00340-768x1152.jpg 768w, https:\/\/grimmels.de\/wordpress\/wp-content\/uploads\/2025\/07\/DSC00340-1024x1536.jpg 1024w, https:\/\/grimmels.de\/wordpress\/wp-content\/uploads\/2025\/07\/DSC00340-1365x2048.jpg 1365w, https:\/\/grimmels.de\/wordpress\/wp-content\/uploads\/2025\/07\/DSC00340-scaled.jpg 1707w\" sizes=\"(max-width: 683px) 100vw, 683px\" \/><\/div>\n\t\t<\/a>\n\t\t\t\t<div class=\"elementor-post__text\">\n\t\t\t\t<h3 class=\"elementor-post__title\">\n\t\t\t<a href=\"https:\/\/grimmels.de\/wordpress\/team-grimmels-beim-landesfinale-jtfo-triathlonteam-grimmels-beim\/\" >\n\t\t\t\tTeam Grimmels beim Landesfinale JtfO TriathlonTeam Grimmels beim\t\t\t<\/a>\n\t\t<\/h3>\n\t\t\t\t<div class=\"elementor-post__meta-data\">\n\t\t\t\t\t<span class=\"elementor-post-date\">\n\t\t\t10. Juli 2025\t\t<\/span>\n\t\t\t\t<\/div>\n\t\t\t\t<div class=\"elementor-post__excerpt\">\n\t\t\t<p>BILDERGALERIE Team Grimmels beim Landesfinale JtfO Triathlon Zum Pressebericht \u00dcbersicht Galerien BILDER: Frank Dietz<\/p>\n\t\t<\/div>\n\t\t\t\t\t<div class=\"elementor-post__read-more-wrapper\">\n\t\t\n\t\t<a class=\"elementor-post__read-more\" href=\"https:\/\/grimmels.de\/wordpress\/team-grimmels-beim-landesfinale-jtfo-triathlonteam-grimmels-beim\/\" aria-label=\"Mehr \u00fcber Team Grimmels beim Landesfinale JtfO TriathlonTeam Grimmels beim\" tabindex=\"-1\" >\n\t\t\tAnsehen \u00bb\t\t<\/a>\n\n\t\t\t\t\t<\/div>\n\t\t\t\t<\/div>\n\t\t\t\t<\/article>\n\t\t\t\t<article class=\"elementor-post elementor-grid-item post-65159 post type-post status-publish format-standard has-post-thumbnail hentry category-video\">\n\t\t\t\t<a class=\"elementor-post__thumbnail__link\" href=\"https:\/\/grimmels.de\/wordpress\/adventskonzert-2024\/\" tabindex=\"-1\" >\n\t\t\t<div class=\"elementor-post__thumbnail\"><img loading=\"lazy\" decoding=\"async\" width=\"800\" height=\"450\" src=\"https:\/\/grimmels.de\/wordpress\/wp-content\/uploads\/2025\/07\/adventskonzert-1024x576.jpg\" class=\"attachment-large size-large wp-image-65158\" alt=\"\" srcset=\"https:\/\/grimmels.de\/wordpress\/wp-content\/uploads\/2025\/07\/adventskonzert-1024x576.jpg 1024w, https:\/\/grimmels.de\/wordpress\/wp-content\/uploads\/2025\/07\/adventskonzert-300x169.jpg 300w, https:\/\/grimmels.de\/wordpress\/wp-content\/uploads\/2025\/07\/adventskonzert-150x84.jpg 150w, https:\/\/grimmels.de\/wordpress\/wp-content\/uploads\/2025\/07\/adventskonzert-768x432.jpg 768w, https:\/\/grimmels.de\/wordpress\/wp-content\/uploads\/2025\/07\/adventskonzert.jpg 1280w\" sizes=\"(max-width: 800px) 100vw, 800px\" \/><\/div>\n\t\t<\/a>\n\t\t\t\t<div class=\"elementor-post__text\">\n\t\t\t\t<h3 class=\"elementor-post__title\">\n\t\t\t<a href=\"https:\/\/grimmels.de\/wordpress\/adventskonzert-2024\/\" >\n\t\t\t\tAdventskonzert 2024\t\t\t<\/a>\n\t\t<\/h3>\n\t\t\t\t<div class=\"elementor-post__meta-data\">\n\t\t\t\t\t<span class=\"elementor-post-date\">\n\t\t\t7. Juli 2025\t\t<\/span>\n\t\t\t\t<\/div>\n\t\t\t\t<div class=\"elementor-post__excerpt\">\n\t\t\t<p>Adventskonzert 2024<\/p>\n\t\t<\/div>\n\t\t\t\t\t<div class=\"elementor-post__read-more-wrapper\">\n\t\t\n\t\t<a class=\"elementor-post__read-more\" href=\"https:\/\/grimmels.de\/wordpress\/adventskonzert-2024\/\" aria-label=\"Mehr \u00fcber Adventskonzert 2024\" tabindex=\"-1\" >\n\t\t\tAnsehen \u00bb\t\t<\/a>\n\n\t\t\t\t\t<\/div>\n\t\t\t\t<\/div>\n\t\t\t\t<\/article>\n\t\t\t\t<article class=\"elementor-post elementor-grid-item post-65151 post type-post status-publish format-standard has-post-thumbnail hentry category-video\">\n\t\t\t\t<a class=\"elementor-post__thumbnail__link\" href=\"https:\/\/grimmels.de\/wordpress\/theaterauffuehrung-2024\/\" tabindex=\"-1\" >\n\t\t\t<div class=\"elementor-post__thumbnail\"><img loading=\"lazy\" decoding=\"async\" width=\"800\" height=\"450\" src=\"https:\/\/grimmels.de\/wordpress\/wp-content\/uploads\/2025\/07\/maxresdefault-1024x576.jpg\" class=\"attachment-large size-large wp-image-65152\" alt=\"\" srcset=\"https:\/\/grimmels.de\/wordpress\/wp-content\/uploads\/2025\/07\/maxresdefault-1024x576.jpg 1024w, https:\/\/grimmels.de\/wordpress\/wp-content\/uploads\/2025\/07\/maxresdefault-300x169.jpg 300w, https:\/\/grimmels.de\/wordpress\/wp-content\/uploads\/2025\/07\/maxresdefault-150x84.jpg 150w, https:\/\/grimmels.de\/wordpress\/wp-content\/uploads\/2025\/07\/maxresdefault-768x432.jpg 768w, https:\/\/grimmels.de\/wordpress\/wp-content\/uploads\/2025\/07\/maxresdefault.jpg 1280w\" sizes=\"(max-width: 800px) 100vw, 800px\" \/><\/div>\n\t\t<\/a>\n\t\t\t\t<div class=\"elementor-post__text\">\n\t\t\t\t<h3 class=\"elementor-post__title\">\n\t\t\t<a href=\"https:\/\/grimmels.de\/wordpress\/theaterauffuehrung-2024\/\" >\n\t\t\t\tTheaterauff\u00fchrung 2024\t\t\t<\/a>\n\t\t<\/h3>\n\t\t\t\t<div class=\"elementor-post__meta-data\">\n\t\t\t\t\t<span class=\"elementor-post-date\">\n\t\t\t7. Juli 2025\t\t<\/span>\n\t\t\t\t<\/div>\n\t\t\t\t<div class=\"elementor-post__excerpt\">\n\t\t\t<p>Theaterauff\u00fchrung 2024<\/p>\n\t\t<\/div>\n\t\t\t\t\t<div class=\"elementor-post__read-more-wrapper\">\n\t\t\n\t\t<a class=\"elementor-post__read-more\" href=\"https:\/\/grimmels.de\/wordpress\/theaterauffuehrung-2024\/\" aria-label=\"Mehr \u00fcber Theaterauff\u00fchrung 2024\" tabindex=\"-1\" >\n\t\t\tAnsehen \u00bb\t\t<\/a>\n\n\t\t\t\t\t<\/div>\n\t\t\t\t<\/div>\n\t\t\t\t<\/article>\n\t\t\t\t<article class=\"elementor-post elementor-grid-item post-65138 post type-post status-publish format-standard has-post-thumbnail hentry category-video\">\n\t\t\t\t<a class=\"elementor-post__thumbnail__link\" href=\"https:\/\/grimmels.de\/wordpress\/sommerkonzert-2024\/\" tabindex=\"-1\" >\n\t\t\t<div class=\"elementor-post__thumbnail\"><img loading=\"lazy\" decoding=\"async\" width=\"800\" height=\"450\" src=\"https:\/\/grimmels.de\/wordpress\/wp-content\/uploads\/2025\/07\/maxresdefault-1024x576.png\" class=\"attachment-large size-large wp-image-65139\" alt=\"\" srcset=\"https:\/\/grimmels.de\/wordpress\/wp-content\/uploads\/2025\/07\/maxresdefault-1024x576.png 1024w, https:\/\/grimmels.de\/wordpress\/wp-content\/uploads\/2025\/07\/maxresdefault-300x169.png 300w, https:\/\/grimmels.de\/wordpress\/wp-content\/uploads\/2025\/07\/maxresdefault-150x84.png 150w, https:\/\/grimmels.de\/wordpress\/wp-content\/uploads\/2025\/07\/maxresdefault-768x432.png 768w, https:\/\/grimmels.de\/wordpress\/wp-content\/uploads\/2025\/07\/maxresdefault.png 1280w\" sizes=\"(max-width: 800px) 100vw, 800px\" \/><\/div>\n\t\t<\/a>\n\t\t\t\t<div class=\"elementor-post__text\">\n\t\t\t\t<h3 class=\"elementor-post__title\">\n\t\t\t<a href=\"https:\/\/grimmels.de\/wordpress\/sommerkonzert-2024\/\" >\n\t\t\t\tSommerkonzert 2024\t\t\t<\/a>\n\t\t<\/h3>\n\t\t\t\t<div class=\"elementor-post__meta-data\">\n\t\t\t\t\t<span class=\"elementor-post-date\">\n\t\t\t7. Juli 2025\t\t<\/span>\n\t\t\t\t<\/div>\n\t\t\t\t<div class=\"elementor-post__excerpt\">\n\t\t\t<p>Sommerkonzert 2024<\/p>\n\t\t<\/div>\n\t\t\t\t\t<div class=\"elementor-post__read-more-wrapper\">\n\t\t\n\t\t<a class=\"elementor-post__read-more\" href=\"https:\/\/grimmels.de\/wordpress\/sommerkonzert-2024\/\" aria-label=\"Mehr \u00fcber Sommerkonzert 2024\" tabindex=\"-1\" >\n\t\t\tAnsehen \u00bb\t\t<\/a>\n\n\t\t\t\t\t<\/div>\n\t\t\t\t<\/div>\n\t\t\t\t<\/article>\n\t\t\t\t<article class=\"elementor-post elementor-grid-item post-64996 post type-post status-publish format-standard has-post-thumbnail hentry category-galerien\">\n\t\t\t\t<a class=\"elementor-post__thumbnail__link\" href=\"https:\/\/grimmels.de\/wordpress\/verabschiedung-von-volker-horn\/\" tabindex=\"-1\" >\n\t\t\t<div class=\"elementor-post__thumbnail\"><img loading=\"lazy\" decoding=\"async\" width=\"800\" height=\"534\" src=\"https:\/\/grimmels.de\/wordpress\/wp-content\/uploads\/2025\/07\/DSC01734-1024x683.jpeg\" class=\"attachment-large size-large wp-image-64869\" alt=\"\" srcset=\"https:\/\/grimmels.de\/wordpress\/wp-content\/uploads\/2025\/07\/DSC01734-1024x683.jpeg 1024w, https:\/\/grimmels.de\/wordpress\/wp-content\/uploads\/2025\/07\/DSC01734-300x200.jpeg 300w, https:\/\/grimmels.de\/wordpress\/wp-content\/uploads\/2025\/07\/DSC01734-150x100.jpeg 150w, https:\/\/grimmels.de\/wordpress\/wp-content\/uploads\/2025\/07\/DSC01734-768x512.jpeg 768w, https:\/\/grimmels.de\/wordpress\/wp-content\/uploads\/2025\/07\/DSC01734-1536x1024.jpeg 1536w, https:\/\/grimmels.de\/wordpress\/wp-content\/uploads\/2025\/07\/DSC01734-2048x1365.jpeg 2048w\" sizes=\"(max-width: 800px) 100vw, 800px\" \/><\/div>\n\t\t<\/a>\n\t\t\t\t<div class=\"elementor-post__text\">\n\t\t\t\t<h3 class=\"elementor-post__title\">\n\t\t\t<a href=\"https:\/\/grimmels.de\/wordpress\/verabschiedung-von-volker-horn\/\" >\n\t\t\t\tVerabschiedung von Volker Horn\t\t\t<\/a>\n\t\t<\/h3>\n\t\t\t\t<div class=\"elementor-post__meta-data\">\n\t\t\t\t\t<span class=\"elementor-post-date\">\n\t\t\t6. Juli 2025\t\t<\/span>\n\t\t\t\t<\/div>\n\t\t\t\t<div class=\"elementor-post__excerpt\">\n\t\t\t<p>BILDERGALERIE Verabschiedung von Volker Horn 4. Juni 2025<\/p>\n\t\t<\/div>\n\t\t\t\t\t<div class=\"elementor-post__read-more-wrapper\">\n\t\t\n\t\t<a class=\"elementor-post__read-more\" href=\"https:\/\/grimmels.de\/wordpress\/verabschiedung-von-volker-horn\/\" aria-label=\"Mehr \u00fcber Verabschiedung von Volker Horn\" tabindex=\"-1\" >\n\t\t\tAnsehen \u00bb\t\t<\/a>\n\n\t\t\t\t\t<\/div>\n\t\t\t\t<\/div>\n\t\t\t\t<\/article>\n\t\t\t\t<article class=\"elementor-post elementor-grid-item post-64853 post type-post status-publish format-standard has-post-thumbnail hentry category-galerien\">\n\t\t\t\t<a class=\"elementor-post__thumbnail__link\" href=\"https:\/\/grimmels.de\/wordpress\/akademische-feier-am-grimmels\/\" tabindex=\"-1\" >\n\t\t\t<div class=\"elementor-post__thumbnail\"><img loading=\"lazy\" decoding=\"async\" width=\"800\" height=\"458\" src=\"https:\/\/grimmels.de\/wordpress\/wp-content\/uploads\/2025\/06\/DSC01194-1024x586.jpeg\" class=\"attachment-large size-large wp-image-64735\" alt=\"\" srcset=\"https:\/\/grimmels.de\/wordpress\/wp-content\/uploads\/2025\/06\/DSC01194-1024x586.jpeg 1024w, https:\/\/grimmels.de\/wordpress\/wp-content\/uploads\/2025\/06\/DSC01194-300x172.jpeg 300w, https:\/\/grimmels.de\/wordpress\/wp-content\/uploads\/2025\/06\/DSC01194-150x86.jpeg 150w, https:\/\/grimmels.de\/wordpress\/wp-content\/uploads\/2025\/06\/DSC01194-768x439.jpeg 768w, https:\/\/grimmels.de\/wordpress\/wp-content\/uploads\/2025\/06\/DSC01194-1536x879.jpeg 1536w, https:\/\/grimmels.de\/wordpress\/wp-content\/uploads\/2025\/06\/DSC01194-2048x1172.jpeg 2048w\" sizes=\"(max-width: 800px) 100vw, 800px\" \/><\/div>\n\t\t<\/a>\n\t\t\t\t<div class=\"elementor-post__text\">\n\t\t\t\t<h3 class=\"elementor-post__title\">\n\t\t\t<a href=\"https:\/\/grimmels.de\/wordpress\/akademische-feier-am-grimmels\/\" >\n\t\t\t\tAkademische Feier am Grimmels\t\t\t<\/a>\n\t\t<\/h3>\n\t\t\t\t<div class=\"elementor-post__meta-data\">\n\t\t\t\t\t<span class=\"elementor-post-date\">\n\t\t\t6. Juli 2025\t\t<\/span>\n\t\t\t\t<\/div>\n\t\t\t\t<div class=\"elementor-post__excerpt\">\n\t\t\t<p>BILDERGALERIE Akademische Feier am Grimmels 27. Juni 2025<\/p>\n\t\t<\/div>\n\t\t\t\t\t<div class=\"elementor-post__read-more-wrapper\">\n\t\t\n\t\t<a class=\"elementor-post__read-more\" href=\"https:\/\/grimmels.de\/wordpress\/akademische-feier-am-grimmels\/\" aria-label=\"Mehr \u00fcber Akademische Feier am Grimmels\" tabindex=\"-1\" >\n\t\t\tAnsehen \u00bb\t\t<\/a>\n\n\t\t\t\t\t<\/div>\n\t\t\t\t<\/div>\n\t\t\t\t<\/article>\n\t\t\t\t<article class=\"elementor-post elementor-grid-item post-64843 post type-post status-publish format-standard has-post-thumbnail hentry category-galerien\">\n\t\t\t\t<a class=\"elementor-post__thumbnail__link\" href=\"https:\/\/grimmels.de\/wordpress\/verabschiedung-von-michael-bacher\/\" tabindex=\"-1\" >\n\t\t\t<div class=\"elementor-post__thumbnail\"><img loading=\"lazy\" decoding=\"async\" width=\"800\" height=\"534\" src=\"https:\/\/grimmels.de\/wordpress\/wp-content\/uploads\/2025\/06\/DSC07864-1024x683.jpeg\" class=\"attachment-large size-large wp-image-64566\" alt=\"\" srcset=\"https:\/\/grimmels.de\/wordpress\/wp-content\/uploads\/2025\/06\/DSC07864-1024x683.jpeg 1024w, https:\/\/grimmels.de\/wordpress\/wp-content\/uploads\/2025\/06\/DSC07864-300x200.jpeg 300w, https:\/\/grimmels.de\/wordpress\/wp-content\/uploads\/2025\/06\/DSC07864-150x100.jpeg 150w, https:\/\/grimmels.de\/wordpress\/wp-content\/uploads\/2025\/06\/DSC07864-768x512.jpeg 768w, https:\/\/grimmels.de\/wordpress\/wp-content\/uploads\/2025\/06\/DSC07864-1536x1024.jpeg 1536w, https:\/\/grimmels.de\/wordpress\/wp-content\/uploads\/2025\/06\/DSC07864-2048x1365.jpeg 2048w\" sizes=\"(max-width: 800px) 100vw, 800px\" \/><\/div>\n\t\t<\/a>\n\t\t\t\t<div class=\"elementor-post__text\">\n\t\t\t\t<h3 class=\"elementor-post__title\">\n\t\t\t<a href=\"https:\/\/grimmels.de\/wordpress\/verabschiedung-von-michael-bacher\/\" >\n\t\t\t\tVerabschiedung von Michael Bacher\t\t\t<\/a>\n\t\t<\/h3>\n\t\t\t\t<div class=\"elementor-post__meta-data\">\n\t\t\t\t\t<span class=\"elementor-post-date\">\n\t\t\t6. Juli 2025\t\t<\/span>\n\t\t\t\t<\/div>\n\t\t\t\t<div class=\"elementor-post__excerpt\">\n\t\t\t<p>Bildergalerie Verabschiedung von Michael Bacher<\/p>\n\t\t<\/div>\n\t\t\t\t\t<div class=\"elementor-post__read-more-wrapper\">\n\t\t\n\t\t<a class=\"elementor-post__read-more\" href=\"https:\/\/grimmels.de\/wordpress\/verabschiedung-von-michael-bacher\/\" aria-label=\"Mehr \u00fcber Verabschiedung von Michael Bacher\" tabindex=\"-1\" >\n\t\t\tAnsehen \u00bb\t\t<\/a>\n\n\t\t\t\t\t<\/div>\n\t\t\t\t<\/div>\n\t\t\t\t<\/article>\n\t\t\t\t<\/div>\n\t\t\n\t\t\t\t\t\t<\/div>\n\t\t\t\t<\/div>\n\t\t\t\t<\/div>\n\t\t\t\t<\/div>\n\t\t","protected":false},"excerpt":{"rendered":"<p>GALERIEN<\/p>\n","protected":false},"author":1,"featured_media":0,"parent":0,"menu_order":0,"comment_status":"closed","ping_status":"closed","template":"","meta":{"advgb_blocks_editor_width":"","advgb_blocks_columns_visual_guide":"","ngg_post_thumbnail":0,"footnotes":""},"class_list":["post-65088","page","type-page","status-publish","hentry"],"coauthors":[],"author_meta":{"author_link":"https:\/\/grimmels.de\/wordpress\/author\/webmaster\/","display_name":"webmaster"},"relative_dates":{"created":"Posted 10\u00a0Monaten ago","modified":"Updated 5\u00a0Monaten ago"},"absolute_dates":{"created":"Posted on 7. Juli 2025","modified":"Updated on 19. November 2025"},"absolute_dates_time":{"created":"Posted on 7. Juli 2025 22:09","modified":"Updated on 19. November 2025 1:24"},"featured_img_caption":"","featured_img":false,"series_order":"","_links":{"self":[{"href":"https:\/\/grimmels.de\/wordpress\/wp-json\/wp\/v2\/pages\/65088","targetHints":{"allow":["GET"]}}],"collection":[{"href":"https:\/\/grimmels.de\/wordpress\/wp-json\/wp\/v2\/pages"}],"about":[{"href":"https:\/\/grimmels.de\/wordpress\/wp-json\/wp\/v2\/types\/page"}],"author":[{"embeddable":true,"href":"https:\/\/grimmels.de\/wordpress\/wp-json\/wp\/v2\/users\/1"}],"replies":[{"embeddable":true,"href":"https:\/\/grimmels.de\/wordpress\/wp-json\/wp\/v2\/comments?post=65088"}],"version-history":[{"count":28,"href":"https:\/\/grimmels.de\/wordpress\/wp-json\/wp\/v2\/pages\/65088\/revisions"}],"predecessor-version":[{"id":67384,"href":"https:\/\/grimmels.de\/wordpress\/wp-json\/wp\/v2\/pages\/65088\/revisions\/67384"}],"wp:attachment":[{"href":"https:\/\/grimmels.de\/wordpress\/wp-json\/wp\/v2\/media?parent=65088"}],"curies":[{"name":"wp","href":"https:\/\/api.w.org\/{rel}","templated":true}]}}