{"id":666,"date":"2014-07-04T14:15:14","date_gmt":"2014-07-04T12:15:14","guid":{"rendered":"?page_id=666"},"modified":"2026-08-25T08:54:04","modified_gmt":"2026-08-25T06:54:04","slug":"schulkonferenz","status":"publish","type":"page","link":"https:\/\/grimmels.de\/wordpress\/schulkonferenz\/","title":{"rendered":"Schulkonferenz"},"content":{"rendered":"\t\t<div data-elementor-type=\"wp-page\" data-elementor-id=\"666\" class=\"elementor elementor-666\" data-elementor-post-type=\"page\">\n\t\t\t\t<div class=\"elementor-element elementor-element-5abd1ce e-con-full e-flex e-con e-parent\" data-id=\"5abd1ce\" data-element_type=\"container\" data-settings=\"{&quot;background_background&quot;:&quot;classic&quot;}\">\n\t\t\t\t<div class=\"elementor-element elementor-element-1863a9b elementor-widget elementor-widget-heading\" data-id=\"1863a9b\" data-element_type=\"widget\" data-settings=\"{&quot;motion_fx_motion_fx_scrolling&quot;:&quot;yes&quot;,&quot;motion_fx_translateY_effect&quot;:&quot;yes&quot;,&quot;motion_fx_translateY_affectedRange&quot;:{&quot;unit&quot;:&quot;%&quot;,&quot;size&quot;:&quot;&quot;,&quot;sizes&quot;:{&quot;start&quot;:51,&quot;end&quot;:100}},&quot;motion_fx_translateY_speed&quot;:{&quot;unit&quot;:&quot;px&quot;,&quot;size&quot;:4,&quot;sizes&quot;:[]},&quot;motion_fx_devices&quot;:[&quot;desktop&quot;,&quot;tablet&quot;,&quot;mobile&quot;]}\" data-widget_type=\"heading.default\">\n\t\t\t\t<div class=\"elementor-widget-container\">\n\t\t\t\t\t<h2 class=\"elementor-heading-title elementor-size-default\">SCHULKONFERENZ<\/h2>\t\t\t\t<\/div>\n\t\t\t\t<\/div>\n\t\t\t\t<div class=\"elementor-element elementor-element-27c06be elementor-widget elementor-widget-text-editor\" data-id=\"27c06be\" data-element_type=\"widget\" data-settings=\"{&quot;motion_fx_motion_fx_scrolling&quot;:&quot;yes&quot;,&quot;motion_fx_translateY_effect&quot;:&quot;yes&quot;,&quot;motion_fx_translateY_affectedRange&quot;:{&quot;unit&quot;:&quot;%&quot;,&quot;size&quot;:&quot;&quot;,&quot;sizes&quot;:{&quot;start&quot;:50,&quot;end&quot;:100}},&quot;motion_fx_translateY_speed&quot;:{&quot;unit&quot;:&quot;px&quot;,&quot;size&quot;:4,&quot;sizes&quot;:[]},&quot;motion_fx_devices&quot;:[&quot;desktop&quot;,&quot;tablet&quot;,&quot;mobile&quot;]}\" data-widget_type=\"text-editor.default\">\n\t\t\t\t<div class=\"elementor-widget-container\">\n\t\t\t\t\t\t\t\t\t<p>Mitglieder der Schulkonferenz (Sommer 2025 &#8211; 2027)<\/p>\t\t\t\t\t\t\t\t<\/div>\n\t\t\t\t<\/div>\n\t\t\t\t<\/div>\n\t\t<div class=\"elementor-element elementor-element-dfa2ec3 e-flex e-con-boxed e-con e-parent\" data-id=\"dfa2ec3\" data-element_type=\"container\" data-settings=\"{&quot;background_background&quot;:&quot;classic&quot;}\">\n\t\t\t\t\t<div class=\"e-con-inner\">\n\t\t\t\t<div class=\"elementor-element elementor-element-e19310d elementor-widget elementor-widget-text-editor\" data-id=\"e19310d\" data-element_type=\"widget\" data-widget_type=\"text-editor.default\">\n\t\t\t\t<div class=\"elementor-widget-container\">\n\t\t\t\t\t\t\t\t\t<p>Die Schulgemeinde besitzt in der Schulkonferenz ein gemeinsames Beratungs- und Entscheidungsgremium aus Eltern, Lehrkr\u00e4ften und Lernenden, das in vielen Fragen die h\u00f6chste innerschulische Entscheidungsinstanz darstellt.<\/p><p>Alle Aufgaben und Rechte der Schulkonferenz sind im <a title=\"Schulkonferenz im HSchG\" href=\"http:\/\/www.rv.hessenrecht.hessen.de\/jportal\/portal\/t\/s4k\/page\/bshesprod.psml\/action\/portlets.jw.MainAction?p1=59&amp;eventSubmit_doNavigate=searchInSubtreeTOC&amp;showdoccase=1&amp;doc.hl=0&amp;doc.id=jlr-SchulGHE2005V10G34a&amp;doc.part=G&amp;toc.poskey=#focuspoint\" target=\"_blank&quot;\" rel=\"noopener noreferrer\">Hessischen Schulgesetz \u00a7128 bis \u00a7135<\/a> beschrieben.<\/p><p>Der Schulkonferenz des Grimmels geh\u00f6ren sechs Lehrkr\u00e4fte, drei Elternvertreter, drei Sch\u00fclervertreter und der Schulleiter als Vorsitzender an.<\/p>\t\t\t\t\t\t\t\t<\/div>\n\t\t\t\t<\/div>\n\t\t\t\t\t<\/div>\n\t\t\t\t<\/div>\n\t\t<div class=\"elementor-element elementor-element-73da061 e-flex e-con-boxed e-con e-parent\" data-id=\"73da061\" data-element_type=\"container\">\n\t\t\t\t\t<div class=\"e-con-inner\">\n\t\t\t\t<div class=\"elementor-element elementor-element-4dcfcb6 elementor-widget elementor-widget-text-editor\" data-id=\"4dcfcb6\" data-element_type=\"widget\" data-widget_type=\"text-editor.default\">\n\t\t\t\t<div class=\"elementor-widget-container\">\n\t\t\t\t\t\t\t\t\t<table style=\"font-weight: 400; height: 1628px;\" width=\"498\"><tbody><tr><td width=\"66\"><p><strong>\u00a0<\/strong><\/p><\/td><td width=\"246\"><p><strong>Name<\/strong><\/p><\/td><\/tr><tr><td rowspan=\"6\" width=\"66\"><p>Mitglieder der Lehrkr\u00e4fte<\/p><\/td><td width=\"246\"><p>Friedrich, Ole<\/p><\/td><\/tr><tr><td width=\"246\"><p>Guckes, Christian<\/p><\/td><\/tr><tr><td width=\"246\"><p>Kechel, Maren<\/p><\/td><\/tr><tr><td width=\"246\"><p>Meininger, Mario<\/p><\/td><\/tr><tr><td width=\"246\"><p>Vazquez, Kelly<\/p><\/td><\/tr><tr><td width=\"246\"><p>Walz, Lukas<\/p><\/td><\/tr><tr><td rowspan=\"6\" width=\"66\"><p>Stellvertretungen in richtiger Reihenfolge<\/p><\/td><td width=\"246\"><p>Blaumeiser, Benedict<\/p><\/td><\/tr><tr><td width=\"246\"><p>Arab, Zahraa<\/p><\/td><\/tr><tr><td width=\"246\"><p>Johann, Florian<\/p><\/td><\/tr><tr><td width=\"246\"><p>Opper, Anabell<\/p><\/td><\/tr><tr><td width=\"246\"><p>Thiede, Filip<\/p><\/td><\/tr><tr><td width=\"246\"><p>Seyfried, Christopher<\/p><\/td><\/tr><tr><td rowspan=\"3\" width=\"66\"><p>Mitglieder der Sch\u00fclerschaft<\/p><\/td><td width=\"246\"><p>Greinke, Sarina<\/p><\/td><\/tr><tr><td width=\"246\"><p>Koch, Lara Mia<\/p><\/td><\/tr><tr><td width=\"246\"><p>M\u00f6lter-Ke\u00dfler, Felicitas J. S.<\/p><\/td><\/tr><tr><td rowspan=\"3\" width=\"66\"><p>Stellv. in richtiger Reihenfolge<\/p><\/td><td width=\"246\"><p>Madburger, Jano<\/p><\/td><\/tr><tr><td width=\"246\"><p>Grottke, Julia<\/p><\/td><\/tr><tr><td width=\"246\"><p>Koch, Mia Charlotte<\/p><\/td><\/tr><tr><td rowspan=\"3\" width=\"66\"><p>Mitglieder der Elternschaft<\/p><\/td><td width=\"246\"><p>Steiper, Isabelle<\/p><\/td><\/tr><tr><td width=\"246\"><p>Utrillas L\u00f3pez, Yvonne<\/p><\/td><\/tr><tr><td width=\"246\"><p>Hofmann, Julia<\/p><\/td><\/tr><tr><td rowspan=\"3\" width=\"66\"><p>Stellv. in richtiger Reihenfolge<\/p><\/td><td width=\"246\"><p>Dengler, Sebastian<\/p><\/td><\/tr><tr><td width=\"246\"><p>Wustmann, Sebastian<\/p><\/td><\/tr><tr><td width=\"246\"><p>Luderer, Markus<\/p><\/td><\/tr><tr><td rowspan=\"3\" width=\"66\"><p>Leitung<\/p><\/td><td width=\"246\"><p>Ruf, Tina<\/p><\/td><\/tr><tr><td width=\"246\"><p>Sch\u00f6nfeld, Dagmar<\/p><\/td><\/tr><tr><td width=\"246\"><p>Malz, Peter<\/p><\/td><\/tr><\/tbody><\/table>\t\t\t\t\t\t\t\t<\/div>\n\t\t\t\t<\/div>\n\t\t\t\t\t<\/div>\n\t\t\t\t<\/div>\n\t\t\t\t<\/div>\n\t\t","protected":false},"excerpt":{"rendered":"<p>SCHULKONFERENZ Mitglieder der Schulkonferenz (Sommer 2025 &#8211; 2027) Die Schulgemeinde besitzt in der Schulkonferenz ein gemeinsames Beratungs- und Entscheidungsgremium aus Eltern, Lehrkr\u00e4ften und Lernenden, das in vielen Fragen die h\u00f6chste innerschulische Entscheidungsinstanz darstellt. Alle Aufgaben und Rechte der Schulkonferenz sind im Hessischen Schulgesetz \u00a7128 bis \u00a7135 beschrieben. Der Schulkonferenz des Grimmels geh\u00f6ren sechs Lehrkr\u00e4fte, drei [&hellip;]<\/p>\n","protected":false},"author":3,"featured_media":0,"parent":0,"menu_order":0,"comment_status":"closed","ping_status":"closed","template":"","meta":{"advgb_blocks_editor_width":"","advgb_blocks_columns_visual_guide":"","ngg_post_thumbnail":0,"footnotes":""},"class_list":["post-666","page","type-page","status-publish","hentry"],"coauthors":[],"author_meta":{"author_link":"https:\/\/grimmels.de\/wordpress\/author\/renate-wichert\/","display_name":"Renate Wichert"},"relative_dates":{"created":"Posted 12\u00a0Jahren ago","modified":"Updated 2\u00a0Wochen ago"},"absolute_dates":{"created":"Posted on 4. Juli 2014","modified":"Updated on 25. August 2026"},"absolute_dates_time":{"created":"Posted on 4. Juli 2014 14:15","modified":"Updated on 25. August 2026 8:54"},"featured_img_caption":"","featured_img":false,"series_order":"","_links":{"self":[{"href":"https:\/\/grimmels.de\/wordpress\/wp-json\/wp\/v2\/pages\/666","targetHints":{"allow":["GET"]}}],"collection":[{"href":"https:\/\/grimmels.de\/wordpress\/wp-json\/wp\/v2\/pages"}],"about":[{"href":"https:\/\/grimmels.de\/wordpress\/wp-json\/wp\/v2\/types\/page"}],"author":[{"embeddable":true,"href":"https:\/\/grimmels.de\/wordpress\/wp-json\/wp\/v2\/users\/3"}],"replies":[{"embeddable":true,"href":"https:\/\/grimmels.de\/wordpress\/wp-json\/wp\/v2\/comments?post=666"}],"version-history":[{"count":23,"href":"https:\/\/grimmels.de\/wordpress\/wp-json\/wp\/v2\/pages\/666\/revisions"}],"predecessor-version":[{"id":70847,"href":"https:\/\/grimmels.de\/wordpress\/wp-json\/wp\/v2\/pages\/666\/revisions\/70847"}],"wp:attachment":[{"href":"https:\/\/grimmels.de\/wordpress\/wp-json\/wp\/v2\/media?parent=666"}],"curies":[{"name":"wp","href":"https:\/\/api.w.org\/{rel}","templated":true}]}}