{"id":937,"date":"2014-09-28T17:04:24","date_gmt":"2014-09-28T15:04:24","guid":{"rendered":"?page_id=937"},"modified":"2020-12-13T10:25:15","modified_gmt":"2020-12-13T09:25:15","slug":"spanisch-am-ggg","status":"publish","type":"page","link":"https:\/\/grimmels.de\/wordpress\/spanisch-am-ggg\/","title":{"rendered":"Spanisch"},"content":{"rendered":"\n<p style=\"font-family:Kristen ITC,Comic Sans MS; font-size:2em;color:orange;text-align:right;\"><strong>o \u00a1 bienvenidos a la clase de espa\u00f1ol ! <\/strong><strong><u><\/u><\/strong><\/p>\n\n\n\n<figure class=\"wp-block-gallery alignleft columns-1 is-cropped wp-block-gallery-1\"><ul class=\"blocks-gallery-grid\"><li class=\"blocks-gallery-item\"><figure><img fetchpriority=\"high\" decoding=\"async\" width=\"271\" height=\"186\" src=\"https:\/\/grimmels.de\/wordpress\/wp-content\/uploads\/2020\/12\/spanisch1.jpg\" alt=\"\" data-id=\"45699\" data-full-url=\"https:\/\/grimmels.de\/wordpress\/wp-content\/uploads\/2020\/12\/spanisch1.jpg\" data-link=\"https:\/\/grimmels.de\/wordpress\/spanisch-am-ggg\/spanisch1-2\/\" class=\"wp-image-45699 is-layout-flex wp-block-gallery-is-layout-flex\" srcset=\"https:\/\/grimmels.de\/wordpress\/wp-content\/uploads\/2020\/12\/spanisch1.jpg 271w, https:\/\/grimmels.de\/wordpress\/wp-content\/uploads\/2020\/12\/spanisch1-150x103.jpg 150w\" sizes=\"(max-width: 271px) 100vw, 271px\" \/><\/figure><\/li><\/ul><\/figure>\n\n\n\n<p><strong><em>Wann kannst du Spanisch an unserer Schule lernen?<\/em><\/strong><\/p>\n\n\n\n<ul class=\"wp-block-list\"><li>Spanisch kann am Grimmels als <strong><u>zweite<\/u><\/strong> (ab der 7.Klasse), <strong><u>dritte<\/u><\/strong> (ab der 9. Klasse) oder als <strong><u>neueinsetzende<\/u><\/strong> (ab der E-Phase)<\/li><\/ul>\n\n\n\n<p>&nbsp;Fremdsprache erlernt werden.<\/p>\n\n\n\n<ul class=\"wp-block-list\"><li>Ab dem Schuljahr 2022\/2023 bieten wir Spanisch als <em>zweite Fremdsprache<\/em> ab Klasse 7 (Hauptfach) an. Wir arbeiten mit dem Lehrwerk Ap\u00fantate vom Cornelsen Verlag.<\/li><li>Die <em>dritte Fremdsprache<\/em> beginnt in der 9. Klasse und arbeitet mit dem Buch&nbsp; Atope.com ebenfalls aus dem Cornelsen Verlag.<\/li><li>Der <em>neueinsetzende fremdsprachliche Spanischunterricht<\/em> ab der E-Phase arbeitet wie die 3. Fremdsprache mit Atope.com.<\/li><\/ul>\n\n\n\n<p>In der Sekundarstufe I bieten wir auch <strong><em>F\u00f6rderunterricht<\/em><\/strong> im Hauptfach Spanisch an.<\/p>\n\n\n\n<p>Ab der Jahrgangstufe E ist es f\u00fcr die zweite Fremdsprache m\u00f6glich einen dreist\u00fcndigen <strong><em>Grundkurs<\/em><\/strong> oder einen vierst\u00fcndigen <strong><em>Vorleistungskurs<\/em><\/strong> zu belegen, welche auf das Kurssystem in der Q-Phase vorbereiten. In der Q-Phase selbst bieten wir einen <strong><em>Grundkurs<\/em><\/strong> oder <strong><em>Leistungskurs<\/em><\/strong> an.<\/p>\n\n\n\n<p><strong><u>Stundentafel und Anzahl der Arbeiten: 2. Fremdsprache<\/u><\/strong><\/p>\n\n\n\n<figure class=\"wp-block-table\"><table><tbody><tr><td><strong>Klasse<\/strong><\/td><td>7<\/td><td>8<\/td><td>9<\/td><td>10<\/td><td>E<\/td><td>Q1\/2 GK\/LK<\/td><td>Q3\/4 GK\/LK<\/td><\/tr><tr><td><strong>Stundenzahl<\/strong><\/td><td>4<\/td><td>4<\/td><td>4<\/td><td>3<\/td><td>3\/4<\/td><td>3\/5<\/td><td>3\/5<\/td><\/tr><tr><td><strong>Anzahl der schriftl. Arbeiten<\/strong><\/td><td>4<\/td><td>4<\/td><td>4<\/td><td>4<\/td><td>4<\/td><td>4<\/td><td>3<\/td><\/tr><\/tbody><\/table><\/figure>\n\n\n\n<p><strong><u>Stundentafel und Anzahl der Arbeiten: 3. Fremdsprache\/ neueinsetzende Fremdsprache<\/u><\/strong><\/p>\n\n\n\n<figure class=\"wp-block-table\"><table><tbody><tr><td><strong>Klasse<\/strong><\/td><td>9<\/td><td>10<\/td><td>E<\/td><td>Q1\/2 GK<\/td><td>Q3\/4 GK<\/td><\/tr><tr><td><strong>Stundenzahl<\/strong><\/td><td>3<\/td><td>3<\/td><td>3<\/td><td>3<\/td><td>3<\/td><\/tr><tr><td><strong>Anzahl der schriftl. Arbeiten<\/strong><\/td><td>4<\/td><td>4<\/td><td>4<\/td><td>4<\/td><td>3<\/td><\/tr><\/tbody><\/table><\/figure>\n\n\n\n<p><strong><u>Vergleichsarbeiten in der zweiten Fremdsprache:<\/u><\/strong><\/p>\n\n\n\n<ul class=\"wp-block-list\"><li>Klasse 8: Termin und Themen nach Absprache<\/li><\/ul>\n\n\n\n<p><strong><u>Wettbewerbe\/Zertifikate<\/u><\/strong><\/p>\n\n\n\n<ul class=\"wp-block-list\"><li><strong>DELE Escolar A2\/B1<\/strong><\/li><\/ul>\n\n\n\n<p><em>Was ist eine DELE Pr\u00fcfung? <\/em>(www.dele.org)<\/p>\n\n\n\n<p>Diese Pr\u00fcfung wird vom Instituto Cervantes auf verschiedenen Niveaus angeboten.<\/p>\n\n\n\n<p>Die DELE Escolar wendet sich vor allem an junge Lernende und ihr Lebensumfeld. Die Pr\u00fcfung besteht aus vier Bereichen: Leseverstehen, H\u00f6rverstehen, schriftlicher Ausdruck und eine m\u00fcndliche Pr\u00fcfung.<\/p>\n\n\n\n<p>Sie sind international anerkannte Examen, die vom Instituto Cervantes im Namen des spanischen Ministeriums f\u00fcr Erziehung, Kultur und Sport ausgestellt werden und unbegrenzte G\u00fcltigkeit besitzen. j<\/p>\n\n\n\n<p>In den letzten Jahren haben Sch\u00fcler und Sch\u00fclerinnen unserer Schule immer an DELE Pr\u00fcfungen teilgenommen und erfolgreich bestanden. Dieses Diplom dient als zus\u00e4tzlicher Nachweis \u00fcber Sprachkenntnisse und kann sehr hilfreich bei einer Bewerbung sein.<\/p>\n\n\n\n<ul class=\"wp-block-list\"><li><strong>Literaturpreis \u201cEl Premio Arcebispo Juan de San Clemente\u201d<\/strong><\/li><\/ul>\n\n\n\n<p>Ein weiterer Baustein in unserer Schulpartnerschaft mit dem IES Rosal\u00eda de Castro in Santiago de Compostela ist die j\u00e4hrliche Teilnahme am Literaturpreis. Dieser existiert schon seit \u00fcber 20 Jahren, das Grimmelshausen Gymnasium nimmt seit 2016 daran teil. Der Preis wird aus drei Kategorien ermittelt: bester Roman auf Galizisch und Spanisch und bester ausl\u00e4ndischer Roman. Wir nehmen j\u00e4hrlich in der Kategorie bester spanischsprachiger Roman teil. Das besondere Highlight an dieser Verleihung liegt in der Zusammensetzung der Jury, welche ausschlie\u00dflich aus Sch\u00fclern verschiedener L\u00e4nder besteht, die alle an diesem Literaturwettbewerb teilnehmen und im Vorfeld zur Preisverleihung sich f\u00fcr ein Werk entscheiden. Dies birgt gro\u00dfe Herausforderungen, denn der Roman ist weder in Jugendsprache geschrieben noch lehnt er sich an Themen aus dem Alltag der Jugendlichen an. Die gro\u00dfe Preisverleihung steht jedes Jahr im Fr\u00fchjahr an und es werden immer zwei Sch\u00fcler\/innen delegiert nach Santiago de Compostela zu reisen, um die Autoren in sehr festlichem Rahmen pers\u00f6nlich kennenzulernen.<br><\/p>\n\n\n\n<ul class=\"wp-block-list\"><li><strong><\/strong><strong>&nbsp;&nbsp;&nbsp;&nbsp;&nbsp;&nbsp;Leo, Leo &#8211; \u00bfQu\u00e9 lees?<\/strong> (<a href=\"http:\/\/www.leo-leo-hessen.com\">www.leo-leo-hessen.com<\/a>)&nbsp;&nbsp;&nbsp;&nbsp;&nbsp;&nbsp;&nbsp;&nbsp;&nbsp;&nbsp;&nbsp; &nbsp;<\/li><\/ul>\n\n\n\n<figure class=\"wp-block-gallery alignleft columns-1 is-cropped wp-block-gallery-2\"><ul class=\"blocks-gallery-grid\"><li class=\"blocks-gallery-item\"><figure><img decoding=\"async\" width=\"182\" height=\"197\" src=\"https:\/\/grimmels.de\/wordpress\/wp-content\/uploads\/2020\/12\/spanisch2.png\" alt=\"\" data-id=\"45701\" data-full-url=\"https:\/\/grimmels.de\/wordpress\/wp-content\/uploads\/2020\/12\/spanisch2.png\" data-link=\"https:\/\/grimmels.de\/wordpress\/spanisch-am-ggg\/spanisch2-2\/\" class=\"wp-image-45701 is-layout-flex wp-block-gallery-is-layout-flex\" srcset=\"https:\/\/grimmels.de\/wordpress\/wp-content\/uploads\/2020\/12\/spanisch2.png 182w, https:\/\/grimmels.de\/wordpress\/wp-content\/uploads\/2020\/12\/spanisch2-139x150.png 139w\" sizes=\"(max-width: 182px) 100vw, 182px\" \/><\/figure><\/li><\/ul><\/figure>\n\n\n\n<p>\u2018Leo, Leo ist der spanische Vorlesewettbewerb, welcher landesweit ausgetragen wird. Er besteht aus drei Runden, dem schulinternen Wettbewerb, dem Halbfinale und dem hessenweiten Finale am Instituto Cervantes im Mai eines Jahres in Frankfurt.<\/p>\n\n\n\n<p>Sch\u00fcler\/innen qualifizieren sich je nach ihrem Leistungsniveau des europ\u00e4ischen Referenzrahmens zwischen A1 und B1. Vor einer Jury werden unterschiedliche Texte in spanischer Sprache vorgetragen.<\/p>\n\n\n\n<p>Seit 2016 nehmen wir regelm\u00e4\u00dfig j\u00e4hrlich an diesem Wettbewerb teil.<\/p>\n\n\n\n<figure class=\"wp-block-gallery columns-2 is-cropped wp-block-gallery-3\"><ul class=\"blocks-gallery-grid\"><li class=\"blocks-gallery-item\"><figure><a href=\"https:\/\/grimmels.de\/wordpress\/wp-content\/uploads\/2020\/12\/spanisch3.jpg\"><img decoding=\"async\" width=\"1024\" height=\"768\" src=\"https:\/\/grimmels.de\/wordpress\/wp-content\/uploads\/2020\/12\/spanisch3.jpg\" alt=\"\" data-id=\"45705\" data-full-url=\"https:\/\/grimmels.de\/wordpress\/wp-content\/uploads\/2020\/12\/spanisch3.jpg\" data-link=\"https:\/\/grimmels.de\/wordpress\/spanisch-am-ggg\/spanisch3\/\" class=\"wp-image-45705\" srcset=\"https:\/\/grimmels.de\/wordpress\/wp-content\/uploads\/2020\/12\/spanisch3.jpg 1024w, https:\/\/grimmels.de\/wordpress\/wp-content\/uploads\/2020\/12\/spanisch3-300x225.jpg 300w, https:\/\/grimmels.de\/wordpress\/wp-content\/uploads\/2020\/12\/spanisch3-150x113.jpg 150w, https:\/\/grimmels.de\/wordpress\/wp-content\/uploads\/2020\/12\/spanisch3-768x576.jpg 768w\" sizes=\"(max-width: 1024px) 100vw, 1024px\" \/><\/a><\/figure><\/li><li class=\"blocks-gallery-item\"><figure><a href=\"https:\/\/grimmels.de\/wordpress\/wp-content\/uploads\/2020\/12\/spanisch4.jpg\"><img loading=\"lazy\" decoding=\"async\" width=\"1024\" height=\"768\" src=\"https:\/\/grimmels.de\/wordpress\/wp-content\/uploads\/2020\/12\/spanisch4.jpg\" alt=\"\" data-id=\"45704\" data-full-url=\"https:\/\/grimmels.de\/wordpress\/wp-content\/uploads\/2020\/12\/spanisch4.jpg\" data-link=\"https:\/\/grimmels.de\/wordpress\/spanisch-am-ggg\/spanisch4\/\" class=\"wp-image-45704 is-layout-flex wp-block-gallery-is-layout-flex\" srcset=\"https:\/\/grimmels.de\/wordpress\/wp-content\/uploads\/2020\/12\/spanisch4.jpg 1024w, https:\/\/grimmels.de\/wordpress\/wp-content\/uploads\/2020\/12\/spanisch4-300x225.jpg 300w, https:\/\/grimmels.de\/wordpress\/wp-content\/uploads\/2020\/12\/spanisch4-150x113.jpg 150w, https:\/\/grimmels.de\/wordpress\/wp-content\/uploads\/2020\/12\/spanisch4-768x576.jpg 768w\" sizes=\"(max-width: 1024px) 100vw, 1024px\" \/><\/a><\/figure><\/li><\/ul><\/figure>\n\n\n\n<p>&nbsp;&nbsp;&nbsp;&nbsp;&nbsp;&nbsp;&nbsp; (Leo, Leo: Finale: Mai 2019 im Instituto Cervantes in Frankfurt)<\/p>\n\n\n\n<p><strong><u>Partnerschule:<\/u><\/strong><\/p>\n\n\n\n<p>Mit unserer Partnerschule, dem Instituto Rosal\u00eda de Castro in Santiago de Compostela, organisieren wir im zweij\u00e4hrigen Rhythmus einen Sch\u00fcleraustausch f\u00fcr Sch\u00fclerInnen der Jahrgangsstufe 10. Zudem bieten wir jedes Schuljahr Unterst\u00fctzung bei der Durchf\u00fchrung eines individuellen Sch\u00fcleraustausches an und nehmen an der Sch\u00fclerjury f\u00fcr den Literaturpreis \u201cPremio Literario San Clemente Rosal\u00eda -Abanca\u201c teil.<\/p>\n\n\n\n<figure class=\"wp-block-gallery columns-1 is-cropped wp-block-gallery-4\"><ul class=\"blocks-gallery-grid\"><li class=\"blocks-gallery-item\"><figure><img loading=\"lazy\" decoding=\"async\" width=\"347\" height=\"145\" src=\"https:\/\/grimmels.de\/wordpress\/wp-content\/uploads\/2020\/12\/spanisch5.jpg\" alt=\"\" data-id=\"45703\" data-full-url=\"https:\/\/grimmels.de\/wordpress\/wp-content\/uploads\/2020\/12\/spanisch5.jpg\" data-link=\"https:\/\/grimmels.de\/wordpress\/spanisch-am-ggg\/spanisch5\/\" class=\"wp-image-45703\" srcset=\"https:\/\/grimmels.de\/wordpress\/wp-content\/uploads\/2020\/12\/spanisch5.jpg 347w, https:\/\/grimmels.de\/wordpress\/wp-content\/uploads\/2020\/12\/spanisch5-300x125.jpg 300w, https:\/\/grimmels.de\/wordpress\/wp-content\/uploads\/2020\/12\/spanisch5-150x63.jpg 150w\" sizes=\"(max-width: 347px) 100vw, 347px\" \/><figcaption class=\"blocks-gallery-item__caption is-layout-flex wp-block-gallery-is-layout-flex\">I.E.S. Rosal\u00eda de Castro (Santiago de Compostela)<\/figcaption><\/figure><\/li><\/ul><\/figure>\n","protected":false},"excerpt":{"rendered":"<p>o \u00a1 bienvenidos a la clase de espa\u00f1ol ! Wann kannst du Spanisch an unserer Schule lernen? Spanisch kann am Grimmels als zweite (ab der 7.Klasse), dritte (ab der 9. Klasse) oder als neueinsetzende (ab der E-Phase) &nbsp;Fremdsprache erlernt werden. Ab dem Schuljahr 2022\/2023 bieten wir Spanisch als zweite Fremdsprache ab Klasse 7 (Hauptfach) an. [&hellip;]<\/p>\n","protected":false},"author":1,"featured_media":0,"parent":0,"menu_order":0,"comment_status":"closed","ping_status":"closed","template":"","meta":{"advgb_blocks_editor_width":"","advgb_blocks_columns_visual_guide":"","ngg_post_thumbnail":0,"footnotes":""},"class_list":["post-937","page","type-page","status-publish","hentry"],"coauthors":[],"author_meta":{"author_link":"https:\/\/grimmels.de\/wordpress\/author\/webmaster\/","display_name":"webmaster"},"relative_dates":{"created":"Posted 12\u00a0Jahren ago","modified":"Updated 5\u00a0Jahren ago"},"absolute_dates":{"created":"Posted on 28. September 2014","modified":"Updated on 13. Dezember 2020"},"absolute_dates_time":{"created":"Posted on 28. September 2014 17:04","modified":"Updated on 13. Dezember 2020 10:25"},"featured_img_caption":"","featured_img":false,"series_order":"","_links":{"self":[{"href":"https:\/\/grimmels.de\/wordpress\/wp-json\/wp\/v2\/pages\/937","targetHints":{"allow":["GET"]}}],"collection":[{"href":"https:\/\/grimmels.de\/wordpress\/wp-json\/wp\/v2\/pages"}],"about":[{"href":"https:\/\/grimmels.de\/wordpress\/wp-json\/wp\/v2\/types\/page"}],"author":[{"embeddable":true,"href":"https:\/\/grimmels.de\/wordpress\/wp-json\/wp\/v2\/users\/1"}],"replies":[{"embeddable":true,"href":"https:\/\/grimmels.de\/wordpress\/wp-json\/wp\/v2\/comments?post=937"}],"version-history":[{"count":14,"href":"https:\/\/grimmels.de\/wordpress\/wp-json\/wp\/v2\/pages\/937\/revisions"}],"predecessor-version":[{"id":45707,"href":"https:\/\/grimmels.de\/wordpress\/wp-json\/wp\/v2\/pages\/937\/revisions\/45707"}],"wp:attachment":[{"href":"https:\/\/grimmels.de\/wordpress\/wp-json\/wp\/v2\/media?parent=937"}],"curies":[{"name":"wp","href":"https:\/\/api.w.org\/{rel}","templated":true}]}}