{"id":9708,"date":"2014-10-27T17:24:25","date_gmt":"2014-10-27T16:24:25","guid":{"rendered":"?page_id=9708"},"modified":"2026-01-12T12:29:03","modified_gmt":"2026-01-12T11:29:03","slug":"umweltschule","status":"publish","type":"page","link":"https:\/\/grimmels.de\/wordpress\/umweltschule\/","title":{"rendered":"Umweltschule"},"content":{"rendered":"\t\t<div data-elementor-type=\"wp-page\" data-elementor-id=\"9708\" class=\"elementor elementor-9708\" data-elementor-post-type=\"page\">\n\t\t\t\t<div class=\"elementor-element elementor-element-42c596d8 e-con-full e-flex e-con e-parent\" data-id=\"42c596d8\" data-element_type=\"container\" data-settings=\"{&quot;background_background&quot;:&quot;slideshow&quot;,&quot;background_slideshow_gallery&quot;:[{&quot;id&quot;:66771,&quot;url&quot;:&quot;https:\\\/\\\/grimmels.de\\\/wordpress\\\/wp-content\\\/uploads\\\/2025\\\/10\\\/IMAG0011-scaled.jpg&quot;},{&quot;id&quot;:56473,&quot;url&quot;:&quot;https:\\\/\\\/grimmels.de\\\/wordpress\\\/wp-content\\\/uploads\\\/2023\\\/10\\\/schulwald03.jpg&quot;},{&quot;id&quot;:66776,&quot;url&quot;:&quot;https:\\\/\\\/grimmels.de\\\/wordpress\\\/wp-content\\\/uploads\\\/2025\\\/10\\\/Teil-der-Projektgruppe-Schulwald.jpg&quot;},{&quot;id&quot;:56475,&quot;url&quot;:&quot;https:\\\/\\\/grimmels.de\\\/wordpress\\\/wp-content\\\/uploads\\\/2023\\\/10\\\/schulwald04.jpg&quot;},{&quot;id&quot;:68506,&quot;url&quot;:&quot;https:\\\/\\\/grimmels.de\\\/wordpress\\\/wp-content\\\/uploads\\\/2026\\\/01\\\/3B430979-2D6E-4895-BB37-47F6D1A8D7B4-1-scaled.jpeg&quot;}],&quot;background_slideshow_loop&quot;:&quot;yes&quot;,&quot;background_slideshow_slide_duration&quot;:5000,&quot;background_slideshow_slide_transition&quot;:&quot;fade&quot;,&quot;background_slideshow_transition_duration&quot;:500}\">\n\t\t\t\t<div class=\"elementor-element elementor-element-145e199c elementor-widget elementor-widget-heading\" data-id=\"145e199c\" data-element_type=\"widget\" data-widget_type=\"heading.default\">\n\t\t\t\t<div class=\"elementor-widget-container\">\n\t\t\t\t\t<h2 class=\"elementor-heading-title elementor-size-default\">UMWELTSCHULE<\/h2>\t\t\t\t<\/div>\n\t\t\t\t<\/div>\n\t\t\t\t<\/div>\n\t\t<div class=\"elementor-element elementor-element-6b8a41aa e-con-full e-flex e-con e-parent\" data-id=\"6b8a41aa\" data-element_type=\"container\">\n\t\t<div class=\"elementor-element elementor-element-fa9d112 e-con-full e-flex e-con e-child\" data-id=\"fa9d112\" data-element_type=\"container\">\n\t\t\t\t<div class=\"elementor-element elementor-element-cd9a984 elementor-widget elementor-widget-text-editor\" data-id=\"cd9a984\" data-element_type=\"widget\" data-widget_type=\"text-editor.default\">\n\t\t\t\t<div class=\"elementor-widget-container\">\n\t\t\t\t\t\t\t\t\t<p style=\"font-weight: 400;\">Bereits zum <strong>achten Mal<\/strong> hat das Grimmelshausen-Gymnasium durch die Implementierung sowie Dokumentation zweier Schulentwicklungsvorhaben das <strong>Qualit\u00e4tssignet \u201eHessische Umweltschule\u201c<\/strong> erworben. Um diese Auszeichnung zu erlangen, werden \u00fcber zwei Jahre hinweg zwei Handlungsbereiche implementiert, fortgef\u00fchrt oder erweitert, die verschiedene Schulentwicklungsvorhaben mit Bezug zu den 17 Nachhaltigkeitszielen der UN beinhalten.<\/p>\n<p style=\"font-weight: 400;\">In aktuellen Bewerbungsverfahren (2023-2025) wurden zum einen die Dokumentation der Projektbausteine zur <strong>Kampagne \u201ePfand geh\u00f6rt daneben\u201c<\/strong> sowie <strong>Planetary Health Diet<\/strong> <strong>&#8211; Nachhaltige Schulverpflegung<\/strong> eingereicht. Die Zertifizierung wird gemeinsam vom Hessischen Ministerium f\u00fcr Kultus, Bildung und Chancen sowie des Hessischen Ministeriums\u00a0f\u00fcr Landwirtschaft und Umwelt, Weinbau, Forsten, Jagd und Heimat in Kooperation mit den Hessischen Umweltzentren durchgef\u00fchrt. Insgesamt erhielten <strong>136 Schulen<\/strong> bei einer feierlichen Auszeichnungsveranstaltung am <strong>26. September 2025 im Congress Park Hanau<\/strong> ihre Urkunde als \u201eUmweltschule\u201c f\u00fcr besonderes Engagement in den Bereichen Umweltbildung und Bildung f\u00fcr nachhaltige Entwicklung.<\/p>\n<p style=\"font-weight: 400;\">Schwerpunkte des Grimmelshausen-Gymnasiums im Bereich \u201eUmweltschule\u201c waren in den letzten zwei Jahren folgende Handlungsbereiche, die unter anderem Projekte, Ausstellungen, Kooperationen, etc. beinhalteten:<\/p>\t\t\t\t\t\t\t\t<\/div>\n\t\t\t\t<\/div>\n\t\t\t\t<\/div>\n\t\t<div class=\"elementor-element elementor-element-100c046 e-con-full e-flex e-con e-child\" data-id=\"100c046\" data-element_type=\"container\">\n\t\t\t\t<div class=\"elementor-element elementor-element-1f08aaec elementor-widget elementor-widget-image\" data-id=\"1f08aaec\" data-element_type=\"widget\" data-widget_type=\"image.default\">\n\t\t\t\t<div class=\"elementor-widget-container\">\n\t\t\t\t\t\t\t\t\t\t\t\t\t\t\t<img fetchpriority=\"high\" decoding=\"async\" width=\"595\" height=\"841\" src=\"https:\/\/grimmels.de\/wordpress\/wp-content\/uploads\/2026\/01\/2025-09_Urkunde-Umweltschule-20252026.jpg\" class=\"attachment-large size-large wp-image-68505\" alt=\"\" srcset=\"https:\/\/grimmels.de\/wordpress\/wp-content\/uploads\/2026\/01\/2025-09_Urkunde-Umweltschule-20252026.jpg 595w, https:\/\/grimmels.de\/wordpress\/wp-content\/uploads\/2026\/01\/2025-09_Urkunde-Umweltschule-20252026-212x300.jpg 212w, https:\/\/grimmels.de\/wordpress\/wp-content\/uploads\/2026\/01\/2025-09_Urkunde-Umweltschule-20252026-106x150.jpg 106w\" sizes=\"(max-width: 595px) 100vw, 595px\" \/>\t\t\t\t\t\t\t\t\t\t\t\t\t\t\t<\/div>\n\t\t\t\t<\/div>\n\t\t\t\t<\/div>\n\t\t\t\t<\/div>\n\t\t<div class=\"elementor-element elementor-element-40588ea e-grid e-con-boxed e-con e-parent\" data-id=\"40588ea\" data-element_type=\"container\" data-settings=\"{&quot;background_background&quot;:&quot;classic&quot;}\">\n\t\t\t\t\t<div class=\"e-con-inner\">\n\t\t<div class=\"elementor-element elementor-element-53a7431 e-con-full e-flex e-con e-child\" data-id=\"53a7431\" data-element_type=\"container\">\n\t\t\t\t<div class=\"elementor-element elementor-element-b0619e8 elementor-widget elementor-widget-heading\" data-id=\"b0619e8\" data-element_type=\"widget\" data-widget_type=\"heading.default\">\n\t\t\t\t<div class=\"elementor-widget-container\">\n\t\t\t\t\t<h2 class=\"elementor-heading-title elementor-size-default\">Handlungsbereich 1: \u201ePfand geh\u00f6rt daneben\u201c<\/h2>\t\t\t\t<\/div>\n\t\t\t\t<\/div>\n\t\t\t\t<div class=\"elementor-element elementor-element-bbdca63 elementor-widget elementor-widget-text-editor\" data-id=\"bbdca63\" data-element_type=\"widget\" data-widget_type=\"text-editor.default\">\n\t\t\t\t<div class=\"elementor-widget-container\">\n\t\t\t\t\t\t\t\t\t<p style=\"font-weight: 400;\">Das von der Kunstlehrerin <strong>Frau Lisa Hohmann <\/strong>initiierte Projekt wurde in den Schuljahren 2023\/24 und 2024\/25 in verschiedenen Jahrgangsstufen der Sekundarstufe I durchgef\u00fchrt. Ziel war es, Sch\u00fclerinnen und Sch\u00fcler f\u00fcr einen verantwortungsvollen Umgang mit Ressourcen zu sensibilisieren und sie zu einem nachhaltigen Konsumverhalten zu motivieren \u2013 exemplarisch am Beispiel des Pfandsystems.<\/p>\n<p style=\"font-weight: 400;\">Weiterf\u00fchrende Informationen:<\/p>\n<p style=\"font-weight: 400;\"><a href=\"https:\/\/grimmels.de\/wordpress\/pfand-gehoert-daneben\/\">https:\/\/grimmels.de\/wordpress\/pfand-gehoert-daneben\/<\/a><\/p>\n<p style=\"font-weight: 400;\"><a href=\"https:\/\/grimmels.de\/wordpress\/pfand-gehoert-daneben-2\/\">https:\/\/grimmels.de\/wordpress\/pfand-gehoert-daneben-2\/<\/a><\/p>\t\t\t\t\t\t\t\t<\/div>\n\t\t\t\t<\/div>\n\t\t\t\t<\/div>\n\t\t<div class=\"elementor-element elementor-element-4a92675 e-con-full e-flex e-con e-child\" data-id=\"4a92675\" data-element_type=\"container\">\n\t\t\t\t<div class=\"elementor-element elementor-element-4d9867b elementor-widget elementor-widget-heading\" data-id=\"4d9867b\" data-element_type=\"widget\" data-widget_type=\"heading.default\">\n\t\t\t\t<div class=\"elementor-widget-container\">\n\t\t\t\t\t<h2 class=\"elementor-heading-title elementor-size-default\">Handlungsbereich 2: Nachhaltige Schulverpflegung \u2013 Planetary Health Diet<\/h2>\t\t\t\t<\/div>\n\t\t\t\t<\/div>\n\t\t\t\t<div class=\"elementor-element elementor-element-9de25a0 elementor-widget elementor-widget-text-editor\" data-id=\"9de25a0\" data-element_type=\"widget\" data-widget_type=\"text-editor.default\">\n\t\t\t\t<div class=\"elementor-widget-container\">\n\t\t\t\t\t\t\t\t\t<p style=\"font-weight: 400;\">Ein weiterer Arbeitsschwerpunkt lag auf der <strong>Ern\u00e4hrungsbildung<\/strong>. Ziel war es, Themen wie <strong>nachhaltiger Konsum<\/strong>, <strong>fairer Handel<\/strong> und <strong>bewusste Ern\u00e4hrung<\/strong> fest im Schulalltag zu verankern \u2013 insbesondere durch das schulinterne <strong>Caf\u00e9haus<\/strong>, das unter anderem durch das Engagement zahlreicher Ehrenamtlicher betrieben wird.<\/p>\n<p style=\"font-weight: 400;\">\u00a0<\/p>\n<p style=\"font-weight: 400;\">Weiterf\u00fchrende Informationen<\/p>\n<p style=\"font-weight: 400;\"><a href=\"https:\/\/grimmels.de\/wordpress\/gesunde-ernaehrung-und-nachhaltiges-konsumverhalten-foerdern\/\">https:\/\/grimmels.de\/wordpress\/gesunde-ernaehrung-und-nachhaltiges-konsumverhalten-foerdern\/<\/a><\/p>\n<p style=\"font-weight: 400;\"><a href=\"https:\/\/grimmels.de\/wordpress\/eine-reise-durch-raum-zeit-und-gesellschaft-entlang-der-kaffeewelt\/\">https:\/\/grimmels.de\/wordpress\/eine-reise-durch-raum-zeit-und-gesellschaft-entlang-der-kaffeewelt\/<\/a><\/p>\t\t\t\t\t\t\t\t<\/div>\n\t\t\t\t<\/div>\n\t\t\t\t<\/div>\n\t\t\t\t\t<\/div>\n\t\t\t\t<\/div>\n\t\t<div class=\"elementor-element elementor-element-3f6712e e-flex e-con-boxed e-con e-parent\" data-id=\"3f6712e\" data-element_type=\"container\">\n\t\t\t\t\t<div class=\"e-con-inner\">\n\t\t\t\t<div class=\"elementor-element elementor-element-727f01d elementor-widget elementor-widget-text-editor\" data-id=\"727f01d\" data-element_type=\"widget\" data-widget_type=\"text-editor.default\">\n\t\t\t\t<div class=\"elementor-widget-container\">\n\t\t\t\t\t\t\t\t\t<p style=\"font-weight: 400;\">Ein weiterer Arbeitsschwerpunkt, der die Handlungsbereiche I und II miteinander verbindet, ist ein <strong>Podcast-Projekt<\/strong>, das in Kooperation mit dem Senckenberger Biologen, Science Slammer sowie Wissenschaftskommunikator <strong>Dr. Sebastian Lotzkat<\/strong> bereits zum zweiten Mal etabliert wurde. Insgesamt 14 Podcast-Folgen konnten so innerhalb von nur zwei Jahren entstehen. Es entstanden beeindruckende Folgen, die Themen zur Nachhaltigkeit wie Mikroplastik in unserer Umwelt, Nachhaltige Ern\u00e4hrung aus den MINT-F\u00e4chern abbildeten. Wir freuen uns bereits auf die Fortf\u00fchrung im Rahmen der f\u00fcr das Schuljahr 2025\/26 geplanten <strong>Projektwoche zur Nachhaltigkeit<\/strong>.<\/p>\n<p style=\"font-weight: 400;\">Weiterf\u00fchrende Informationen:<\/p>\n<p style=\"font-weight: 400;\"><a href=\"https:\/\/grimmels.de\/wordpress\/christoffel-cast-mint-podcast-mit-neuen-folgen\/\">https:\/\/grimmels.de\/wordpress\/christoffel-cast-mint-podcast-mit-neuen-folgen\/<\/a><\/p>\n<p style=\"font-weight: 400;\">Im Rahmen der Auszeichnungsfeier vom 26. September 2025 konnte das Zertifikat \u201eHessische Umweltschule\u201c von den Sch\u00fclerinnen <strong>Jule Buchinger (9.5)<\/strong> und <strong>Alva John (9.5)<\/strong>, Frau Franziska W\u00f6ll (MINT-Koordinatorin) und <strong>Herr Christoph Richter<\/strong> (Leiter des Fachbereichs III) entgegengenommen werden. Jule Buchinger und Alva John berichteten an unserem Stand \u00fcber die Kampagne \u201ePfand geh\u00f6rt daneben\u201c und gaben authentische Einblicke in die Projektabl\u00e4ufe. Vor und nach der offiziellen \u00dcbergabe bot sich zudem Gelegenheit zum Austausch mit anderen Schulen.<\/p>\n<p style=\"font-weight: 400;\"><strong>Staatssekret\u00e4r Dr. Manuel L\u00f6sel<\/strong> betont in seiner Rede: \u201eDiese Projekte bieten gemeinschaftliches, anwendungsorientiertes Handeln und machen Nachhaltigkeit anschaulich. Sie geben jungen Menschen die M\u00f6glichkeit, Fragen nach Ern\u00e4hrung, globaler Gerechtigkeit und fairem Miteinander zu stellen und ermutigen sie, Antworten auszuprobieren\u201c und dankte den Schulen f\u00fcr Ihr au\u00dfergew\u00f6hnliches Engagement.<\/p>\n<p style=\"font-weight: 400;\">Besonders hervorzuheben ist, dass das Grimmelshausen-Gymnasium mehrere Projekte nachhaltig etabliert hat, die bereits in fr\u00fcheren Bewerbungszyklen zur Auszeichnung als hessische Umweltschule beigetragen haben. Beispielsweise findet seit 2017 ein <strong>Biotop- und Artenschutzprojekt am Beispiel der Europ\u00e4ischen Wildkatze<\/strong>\u00a0statt. Dabei setzt sich die Schulgemeinde \u2013 insbesondere die Jahrgangsstufen 7 sowie Q2 f\u00fcr das Nachhaltigkeitsziel Nr. 15 der Vereinten Nationen \u201eLand\u00f6kosysteme sch\u00fctzen\u201c ein.<\/p>\n<p style=\"font-weight: 400;\">Auch zuk\u00fcnftig wird die Initiative \u201eBildung f\u00fcr eine nachhaltige Entwicklung \u2013 BNE\u201c einen gr\u00f6\u00dferen Stellenwert im Bildungsauftrag des Grimmelshausen-Gymnasiums einnehmen \u2013 zum Beispiel mit der f\u00fcr Juni 2026 vorgesehenen \u201eProjektwoche der Nachhaltigkeit.\u201c<\/p>\n<p style=\"font-weight: 400;\">Weiterf\u00fchrende Informationen:<\/p>\n<p style=\"font-weight: 400;\"><a href=\"https:\/\/grimmels.de\/wordpress\/grimmels-auf-den-spuren-der-europaeischen-wildkatze\/\">https:\/\/grimmels.de\/wordpress\/grimmels-auf-den-spuren-der-europaeischen-wildkatze\/<\/a><\/p>\n<p style=\"font-weight: 400;\">Wir freuen uns auf weitere Schulentwicklungsvorhaben im Bereich \u201eUmweltschule\u201c.<\/p>\t\t\t\t\t\t\t\t<\/div>\n\t\t\t\t<\/div>\n\t\t\t\t\t<\/div>\n\t\t\t\t<\/div>\n\t\t<div class=\"elementor-element elementor-element-a50c124 e-con-full e-flex e-con e-parent\" data-id=\"a50c124\" data-element_type=\"container\" data-settings=\"{&quot;background_background&quot;:&quot;classic&quot;}\">\n\t\t\t\t<div class=\"elementor-element elementor-element-04e7213 elementor-widget elementor-widget-heading\" data-id=\"04e7213\" data-element_type=\"widget\" data-widget_type=\"heading.default\">\n\t\t\t\t<div class=\"elementor-widget-container\">\n\t\t\t\t\t<h2 class=\"elementor-heading-title elementor-size-default\">Berichte &amp; Projekte<\/h2>\t\t\t\t<\/div>\n\t\t\t\t<\/div>\n\t\t\t\t<div class=\"elementor-element elementor-element-af3887b elementor-grid-3 elementor-grid-tablet-2 elementor-grid-mobile-1 elementor-posts--thumbnail-top elementor-widget elementor-widget-posts\" data-id=\"af3887b\" data-element_type=\"widget\" data-settings=\"{&quot;classic_row_gap&quot;:{&quot;unit&quot;:&quot;px&quot;,&quot;size&quot;:80,&quot;sizes&quot;:[]},&quot;pagination_type&quot;:&quot;prev_next&quot;,&quot;classic_columns&quot;:&quot;3&quot;,&quot;classic_columns_tablet&quot;:&quot;2&quot;,&quot;classic_columns_mobile&quot;:&quot;1&quot;,&quot;classic_row_gap_tablet&quot;:{&quot;unit&quot;:&quot;px&quot;,&quot;size&quot;:&quot;&quot;,&quot;sizes&quot;:[]},&quot;classic_row_gap_mobile&quot;:{&quot;unit&quot;:&quot;px&quot;,&quot;size&quot;:&quot;&quot;,&quot;sizes&quot;:[]}}\" data-widget_type=\"posts.classic\">\n\t\t\t\t<div class=\"elementor-widget-container\">\n\t\t\t\t\t\t\t<div class=\"elementor-posts-container elementor-posts elementor-posts--skin-classic elementor-grid\">\n\t\t\t\t<article class=\"elementor-post elementor-grid-item post-68637 post type-post status-publish format-standard has-post-thumbnail hentry category-aktuell category-fachbereich-3 category-umweltschule\">\n\t\t\t\t<a class=\"elementor-post__thumbnail__link\" href=\"https:\/\/grimmels.de\/wordpress\/dr-carsten-nowak-zum-wissenschaftlichen-austausch-am-grimmels\/\" tabindex=\"-1\" >\n\t\t\t<div class=\"elementor-post__thumbnail\"><img decoding=\"async\" width=\"800\" height=\"454\" src=\"https:\/\/grimmels.de\/wordpress\/wp-content\/uploads\/2026\/01\/IMG_5830-1024x581.jpg\" class=\"attachment-large size-large wp-image-68638\" alt=\"\" srcset=\"https:\/\/grimmels.de\/wordpress\/wp-content\/uploads\/2026\/01\/IMG_5830-1024x581.jpg 1024w, https:\/\/grimmels.de\/wordpress\/wp-content\/uploads\/2026\/01\/IMG_5830-300x170.jpg 300w, https:\/\/grimmels.de\/wordpress\/wp-content\/uploads\/2026\/01\/IMG_5830-150x85.jpg 150w, https:\/\/grimmels.de\/wordpress\/wp-content\/uploads\/2026\/01\/IMG_5830-768x436.jpg 768w, https:\/\/grimmels.de\/wordpress\/wp-content\/uploads\/2026\/01\/IMG_5830-1536x872.jpg 1536w, https:\/\/grimmels.de\/wordpress\/wp-content\/uploads\/2026\/01\/IMG_5830-2048x1163.jpg 2048w\" sizes=\"(max-width: 800px) 100vw, 800px\" \/><\/div>\n\t\t<\/a>\n\t\t\t\t<div class=\"elementor-post__text\">\n\t\t\t\t<h3 class=\"elementor-post__title\">\n\t\t\t<a href=\"https:\/\/grimmels.de\/wordpress\/dr-carsten-nowak-zum-wissenschaftlichen-austausch-am-grimmels\/\" >\n\t\t\t\tDr. Carsten Nowak zum wissenschaftlichen Austausch am Grimmels\t\t\t<\/a>\n\t\t<\/h3>\n\t\t\t\t<div class=\"elementor-post__meta-data\">\n\t\t\t\t\t<span class=\"elementor-post-date\">\n\t\t\t22. Januar 2026\t\t<\/span>\n\t\t\t\t<\/div>\n\t\t\t\t<div class=\"elementor-post__excerpt\">\n\t\t\t<p>Am Dienstag, 13.01.2026, war Dr. Carsten Nowak, Leiter des Instituts f\u00fcr Wildtiergenetik des Senckenberg-Instituts in Gelnhausen, zu einem wissenschaftlichen Austausch am Grimmelshausen-Gymnasium zu Gast.<\/p>\n\t\t<\/div>\n\t\t\t\t<\/div>\n\t\t\t\t<\/article>\n\t\t\t\t<article class=\"elementor-post elementor-grid-item post-45592 post type-post status-publish format-standard hentry category-aktuell category-umweltschule\">\n\t\t\t\t<div class=\"elementor-post__text\">\n\t\t\t\t<h3 class=\"elementor-post__title\">\n\t\t\t<a href=\"https:\/\/grimmels.de\/wordpress\/klasse-5-1-hilft-der-schulgarten-ag\/\" >\n\t\t\t\tKlasse 5.1 hilft der Schulgarten AG\t\t\t<\/a>\n\t\t<\/h3>\n\t\t\t\t<div class=\"elementor-post__meta-data\">\n\t\t\t\t\t<span class=\"elementor-post-date\">\n\t\t\t26. November 2020\t\t<\/span>\n\t\t\t\t<\/div>\n\t\t\t\t<div class=\"elementor-post__excerpt\">\n\t\t\t<p>Die Sch\u00fclerinnen und Sch\u00fcler der Klasse 5.1 haben mit Spa\u00df und viel Elan dem Hausmeister und der Schulgarten-AG geholfen, das Laub aufzusammeln. Damit haben sie<\/p>\n\t\t<\/div>\n\t\t\t\t<\/div>\n\t\t\t\t<\/article>\n\t\t\t\t<article class=\"elementor-post elementor-grid-item post-45038 post type-post status-publish format-standard hentry category-umweltschule\">\n\t\t\t\t<div class=\"elementor-post__text\">\n\t\t\t\t<h3 class=\"elementor-post__title\">\n\t\t\t<a href=\"https:\/\/grimmels.de\/wordpress\/spatenuebergabe-im-schulgarten\/\" >\n\t\t\t\tSpaten\u00fcbergabe im Schulgarten\t\t\t<\/a>\n\t\t<\/h3>\n\t\t\t\t<div class=\"elementor-post__meta-data\">\n\t\t\t\t\t<span class=\"elementor-post-date\">\n\t\t\t4. Juli 2020\t\t<\/span>\n\t\t\t\t<\/div>\n\t\t\t\t<div class=\"elementor-post__excerpt\">\n\t\t\t<p>Schulgemeinde des Grimmels bedankt sich bei Frau Harms f\u00fcr die Leitung der Schulgarten-AG Der Schulgarten des Grimmelshausen-Gymnasiums ist ein naturnaher Lern- und Erlebnisraum, der von<\/p>\n\t\t<\/div>\n\t\t\t\t<\/div>\n\t\t\t\t<\/article>\n\t\t\t\t<article class=\"elementor-post elementor-grid-item post-44541 post type-post status-publish format-standard hentry category-biologie category-fachbereich-3 category-umweltschule\">\n\t\t\t\t<div class=\"elementor-post__text\">\n\t\t\t\t<h3 class=\"elementor-post__title\">\n\t\t\t<a href=\"https:\/\/grimmels.de\/wordpress\/von-wildkatze-wolf-und-co\/\" >\n\t\t\t\tVon Wildkatze, Wolf und Co.\t\t\t<\/a>\n\t\t<\/h3>\n\t\t\t\t<div class=\"elementor-post__meta-data\">\n\t\t\t\t\t<span class=\"elementor-post-date\">\n\t\t\t22. Februar 2020\t\t<\/span>\n\t\t\t\t<\/div>\n\t\t\t\t<div class=\"elementor-post__excerpt\">\n\t\t\t<p>Biologie-Leistungskurse des Grimmels zu Besuch am Senckenberg-Forschungsinstitut Gelnhausen \/ Thema: Wildtiergenetik Auch dieses Jahr haben Sch\u00fcler\/innen und Lehrer\/innen des Grimmelshausen-Gymnasiums Gelnhausen ehrenamtlich Lockstockpatenschaften \u00fcbernommen. Die<\/p>\n\t\t<\/div>\n\t\t\t\t<\/div>\n\t\t\t\t<\/article>\n\t\t\t\t<article class=\"elementor-post elementor-grid-item post-44366 post type-post status-publish format-standard hentry category-aktuell category-umweltschule\">\n\t\t\t\t<div class=\"elementor-post__text\">\n\t\t\t\t<h3 class=\"elementor-post__title\">\n\t\t\t<a href=\"https:\/\/grimmels.de\/wordpress\/grimmels-erlangt-neues-qualitaetssignet-ernaehrung-und-konsum\/\" >\n\t\t\t\tGrimmels erlangt neues Qualit\u00e4tssignet \u2013 \u201eErn\u00e4hrung und Konsum\u201c\t\t\t<\/a>\n\t\t<\/h3>\n\t\t\t\t<div class=\"elementor-post__meta-data\">\n\t\t\t\t\t<span class=\"elementor-post-date\">\n\t\t\t29. Januar 2020\t\t<\/span>\n\t\t\t\t<\/div>\n\t\t\t\t<div class=\"elementor-post__excerpt\">\n\t\t\t<p>Das Grimmelshausen-Gymnasium hat sich durch die Initiierung, Durchf\u00fchrung, Dokumentation sowie Evaluation f\u00fcr die Auszeichnung mit diversen Zertifikaten qualifiziert. Das k\u00fcrzlich erworbene Qualit\u00e4tssignet, das zum Programm<\/p>\n\t\t<\/div>\n\t\t\t\t<\/div>\n\t\t\t\t<\/article>\n\t\t\t\t<article class=\"elementor-post elementor-grid-item post-44328 post type-post status-publish format-standard hentry category-aktuell category-biologie category-fachbereich-3 category-umweltschule\">\n\t\t\t\t<div class=\"elementor-post__text\">\n\t\t\t\t<h3 class=\"elementor-post__title\">\n\t\t\t<a href=\"https:\/\/grimmels.de\/wordpress\/naturforschung-am-grimmels-die-zweite\/\" >\n\t\t\t\tNaturforschung am Grimmels \u2013 die Zweite!\t\t\t<\/a>\n\t\t<\/h3>\n\t\t\t\t<div class=\"elementor-post__meta-data\">\n\t\t\t\t\t<span class=\"elementor-post-date\">\n\t\t\t22. Januar 2020\t\t<\/span>\n\t\t\t\t<\/div>\n\t\t\t\t<div class=\"elementor-post__excerpt\">\n\t\t\t<p>Start der neuen Projektrunde zum \u201eUmweltmonitoring\u201c der Klassen 7 und Q2 Am 17. und 21. Januar 2020 fanden bereits zum wiederholten Mal zwei Projekttage zum<\/p>\n\t\t<\/div>\n\t\t\t\t<\/div>\n\t\t\t\t<\/article>\n\t\t\t\t<\/div>\n\t\t\n\t\t\t\t<div class=\"e-load-more-anchor\" data-page=\"1\" data-max-page=\"4\" data-next-page=\"https:\/\/grimmels.de\/wordpress\/wp-json\/wp\/v2\/pages\/9708\/page\/2\/\"><\/div>\n\t\t\t\t<nav class=\"elementor-pagination\" aria-label=\"Seitennummerierung\">\n\t\t\t<span class=\"page-numbers prev\">&laquo; Voriger<\/span>\n<a class=\"page-numbers next\" href=\"https:\/\/grimmels.de\/wordpress\/wp-json\/wp\/v2\/pages\/9708\/page\/2\/\">N\u00e4chster &raquo;<\/a>\t\t<\/nav>\n\t\t\t\t\t\t<\/div>\n\t\t\t\t<\/div>\n\t\t\t\t<\/div>\n\t\t\t\t<\/div>\n\t\t","protected":false},"excerpt":{"rendered":"<p>UMWELTSCHULE Bereits zum achten Mal hat das Grimmelshausen-Gymnasium durch die Implementierung sowie Dokumentation zweier Schulentwicklungsvorhaben das Qualit\u00e4tssignet \u201eHessische Umweltschule\u201c erworben. Um diese Auszeichnung zu erlangen, werden \u00fcber zwei Jahre hinweg zwei Handlungsbereiche implementiert, fortgef\u00fchrt oder erweitert, die verschiedene Schulentwicklungsvorhaben mit Bezug zu den 17 Nachhaltigkeitszielen der UN beinhalten. In aktuellen Bewerbungsverfahren (2023-2025) wurden zum einen [&hellip;]<\/p>\n","protected":false},"author":1,"featured_media":0,"parent":0,"menu_order":0,"comment_status":"closed","ping_status":"closed","template":"","meta":{"advgb_blocks_editor_width":"","advgb_blocks_columns_visual_guide":"","ngg_post_thumbnail":0,"footnotes":""},"class_list":["post-9708","page","type-page","status-publish","hentry"],"coauthors":[],"author_meta":{"author_link":"https:\/\/grimmels.de\/wordpress\/author\/webmaster\/","display_name":"webmaster"},"relative_dates":{"created":"Posted 12\u00a0Jahren ago","modified":"Updated 4\u00a0Monaten ago"},"absolute_dates":{"created":"Posted on 27. Oktober 2014","modified":"Updated on 12. Januar 2026"},"absolute_dates_time":{"created":"Posted on 27. Oktober 2014 17:24","modified":"Updated on 12. Januar 2026 12:29"},"featured_img_caption":"","featured_img":false,"series_order":"","_links":{"self":[{"href":"https:\/\/grimmels.de\/wordpress\/wp-json\/wp\/v2\/pages\/9708","targetHints":{"allow":["GET"]}}],"collection":[{"href":"https:\/\/grimmels.de\/wordpress\/wp-json\/wp\/v2\/pages"}],"about":[{"href":"https:\/\/grimmels.de\/wordpress\/wp-json\/wp\/v2\/types\/page"}],"author":[{"embeddable":true,"href":"https:\/\/grimmels.de\/wordpress\/wp-json\/wp\/v2\/users\/1"}],"replies":[{"embeddable":true,"href":"https:\/\/grimmels.de\/wordpress\/wp-json\/wp\/v2\/comments?post=9708"}],"version-history":[{"count":25,"href":"https:\/\/grimmels.de\/wordpress\/wp-json\/wp\/v2\/pages\/9708\/revisions"}],"predecessor-version":[{"id":68509,"href":"https:\/\/grimmels.de\/wordpress\/wp-json\/wp\/v2\/pages\/9708\/revisions\/68509"}],"wp:attachment":[{"href":"https:\/\/grimmels.de\/wordpress\/wp-json\/wp\/v2\/media?parent=9708"}],"curies":[{"name":"wp","href":"https:\/\/api.w.org\/{rel}","templated":true}]}}